{"id":21986,"date":"2025-12-19T14:23:12","date_gmt":"2025-12-19T19:23:12","guid":{"rendered":"https:\/\/www.greenparty.ca\/?page_id=21986"},"modified":"2025-12-20T23:09:54","modified_gmt":"2025-12-21T04:09:54","slug":"voeux-des-fetes-2025","status":"publish","type":"page","link":"https:\/\/www.greenparty.ca\/fr\/voeux-des-fetes-2025","title":{"rendered":"Avec gratitude et de chaleureux v\u0153ux pour les F\u00eates"},"content":{"rendered":"\n<div style=\"--gpc-min-height:50vh;--gpc-max-height:100%\" class=\"wp-block-gpc-wrapper wrapper wrapper-boxed a-padding-t-large a-padding-b-none a-vertical-align-center has-gpc-color-misc-2-background-color has-background hide-mobile\"><div class=\"inner-wrapper\">\n<figure class=\"wp-block-video\"><video height=\"720\" style=\"aspect-ratio: 1280 \/ 720;\" width=\"1280\" autoplay controls muted src=\"https:\/\/cdn.greenparty.ca\/wp-content\/uploads\/2025\/12\/French.mp4\" playsinline><\/video><\/figure>\n<\/div><\/div>\n\n\n\n<div style=\"--gpc-min-height:auto;--gpc-max-height:100%\" class=\"wp-block-gpc-wrapper wrapper wrapper-full a-padding-t-none a-padding-b-none a-vertical-align-center has-gpc-color-misc-2-background-color has-background hide-desktop hide-tablet\"><div class=\"inner-wrapper\">\n<div class=\"wp-block-gpc-grid grid grid-1 row-gap-0 column-gap-0 a-vertical-align-center no-reorder-tablet reorder-mobile no-stack-tablet  stack-mobile\">\n<div style=\"--gpc-max-width:\" class=\"wp-block-gpc-column aligncenter  inner_col align-left\">\n<figure class=\"wp-block-video\"><video height=\"720\" style=\"aspect-ratio: 1280 \/ 720;\" width=\"1280\" autoplay controls muted src=\"https:\/\/cdn.greenparty.ca\/wp-content\/uploads\/2025\/12\/French.mp4\" playsinline><\/video><\/figure>\n<\/div>\n<\/div>\n<\/div><\/div>\n\n\n\n<div style=\"--gpc-min-height:auto;--gpc-max-height:100%\" class=\"wp-block-gpc-wrapper wrapper wrapper-narrow a-padding-t-medium a-padding-b-none a-vertical-align-center has-gpc-color-misc-2-background-color has-background hide-mobile\"><div class=\"inner-wrapper\">\n<h2 class=\"wp-block-heading has-text-align-center gpc-typography-secondary-xxlarge\"><strong><span class=\"gpc-text-color-dark\">Avec gratitude et de chaleureux v\u0153ux pour les F\u00eates<\/span><\/strong><\/h2>\n<\/div><\/div>\n\n\n\n<div style=\"--gpc-min-height:auto;--gpc-max-height:100%\" class=\"wp-block-gpc-wrapper wrapper wrapper-narrow a-padding-t-small a-padding-b-small a-vertical-align-center has-gpc-color-misc-2-background-color has-background hide-desktop hide-tablet\"><div class=\"inner-wrapper\">\n<h2 class=\"wp-block-heading has-text-align-center gpc-typography-secondary-xxlarge\"><strong><span class=\"gpc-text-color-dark\">Avec gratitude et de chaleureux v\u0153ux pour les F\u00eates<\/span><\/strong><\/h2>\n<\/div><\/div>\n\n\n\n<div style=\"--gpc-min-height:auto;--gpc-max-height:100%\" class=\"wp-block-gpc-wrapper wrapper wrapper-narrow a-padding-t-medium a-padding-b-medium a-vertical-align-center has-gpc-color-misc-2-background-color has-background hide-mobile\"><div class=\"inner-wrapper\">\n<p class=\"\">Cette ann\u00e9e, votre appui a permis \u00e0 l\u2019\u00e9quit\u00e9, \u00e0 l\u2019int\u00e9grit\u00e9 et au souci de l\u2019avenir d\u2019avoir une voix l\u00e0 o\u00f9 se prennent les d\u00e9cisions.<\/p>\n\n\n\n<p class=\"\">Alors que l\u2019ann\u00e9e tire \u00e0 sa fin, nous tenons \u00e0 vous dire <strong>merci<\/strong>.<\/p>\n\n\n\n<p class=\"\">Ci-dessus, vous trouverez un message des F\u00eates sp\u00e9cial d\u2019Elizabeth May, cheffe du Parti vert du Canada et d\u00e9put\u00e9e de Saanich\u2013Gulf Islands. Nous esp\u00e9rons qu\u2019elle vous apportera un sourire et un moment de chaleur en cette p\u00e9riode des F\u00eates.<\/p>\n\n\n\n<p class=\"\">De la part de toute l\u2019\u00e9quipe du Parti vert du Canada, joyeuses F\u00eates, <strong>merci<\/strong> d\u2019\u00eatre \u00e0 nos c\u00f4t\u00e9s et place \u00e0 une ann\u00e9e 2026 pleine d\u2019\u00e9lan.<\/p>\n\n\n\n<p class=\"\">Avec nos sinc\u00e8res remerciements et nos meilleurs v\u0153ux,<br><strong>L\u2019\u00e9quipe du Parti vert du Canada<\/strong><\/p>\n<\/div><\/div>\n\n\n\n<div style=\"--gpc-min-height:auto;--gpc-max-height:100%\" class=\"wp-block-gpc-wrapper wrapper wrapper-boxed a-padding-t-small a-padding-b-small a-vertical-align-center has-gpc-color-misc-2-background-color has-background hide-desktop hide-tablet\"><div class=\"inner-wrapper\">\n<p class=\"\">Cette ann\u00e9e, votre appui a permis \u00e0 l\u2019\u00e9quit\u00e9, \u00e0 l\u2019int\u00e9grit\u00e9 et au souci de l\u2019avenir d\u2019avoir une voix l\u00e0 o\u00f9 se prennent les d\u00e9cisions.<\/p>\n\n\n\n<p class=\"\">Alors que l\u2019ann\u00e9e tire \u00e0 sa fin, nous tenons \u00e0 vous dire <strong>merci<\/strong>.<\/p>\n\n\n\n<p class=\"\">Ci-dessus, vous trouverez un message des F\u00eates sp\u00e9cial d\u2019Elizabeth May, cheffe du Parti vert du Canada et d\u00e9put\u00e9e de Saanich\u2013Gulf Islands. Nous esp\u00e9rons qu\u2019elle vous apportera un sourire et un moment de chaleur en cette p\u00e9riode des F\u00eates.<\/p>\n\n\n\n<p class=\"\">De la part de toute l\u2019\u00e9quipe du Parti vert du Canada, joyeuses F\u00eates, <strong>merci<\/strong> d\u2019\u00eatre \u00e0 nos c\u00f4t\u00e9s et place \u00e0 une ann\u00e9e 2026 pleine d\u2019\u00e9lan.<\/p>\n\n\n\n<p class=\"\">Avec nos sinc\u00e8res remerciements et nos meilleurs v\u0153ux,<br><strong>L\u2019\u00e9quipe du Parti vert du Canada<\/strong><\/p>\n<\/div><\/div>\n\n\n\n<div style=\"--gpc-min-height:auto;--gpc-max-height:100%\" class=\"wp-block-gpc-wrapper wrapper wrapper-narrow a-padding-t-large a-padding-b-large a-vertical-align-center has-gpc-color-light-background-color has-background hide-mobile\"><div class=\"inner-wrapper\">\n<div class=\"wp-block-columns is-layout-flex wp-container-core-columns-is-layout-0884d4d2 wp-block-columns-is-layout-flex\" style=\"margin-top:var(--wp--preset--spacing--50);margin-bottom:var(--wp--preset--spacing--50)\">\n<div class=\"wp-block-column is-layout-flow wp-block-column-is-layout-flow\" style=\"flex-basis:33.33%\">\n<figure class=\"wp-block-image size-large\"><img loading=\"lazy\" decoding=\"async\" width=\"595\" height=\"446\" src=\"https:\/\/cdn.greenparty.ca\/wp-content\/uploads\/2025\/02\/community_needs.svg\" alt=\"\" class=\"wp-image-3928\"\/><\/figure>\n<\/div>\n\n\n\n<div class=\"wp-block-column is-layout-flow wp-block-column-is-layout-flow\" style=\"flex-basis:66.66%\">\n<h2 class=\"wp-block-heading has-text-align-left gpc-typography-secondary-xlarge gpc-font-weight-light gpc-top-gutter-none gpc-bottom-gutter-none hide-mobile\"><span class=\"gpc-text-color-dark\">Toujours dans l\u2019esprit des F\u00eates et envie de donner davantage? Il n\u2019est pas trop tard!<\/span><\/h2>\n<\/div>\n<\/div>\n\n\n\n<p class=\"\">Lorsque vous faites un don, vous pouvez r\u00e9cup\u00e9rer jusqu\u2019\u00e0 75 % de votre contribution en cr\u00e9dits d\u2019imp\u00f4t en 2025. Cliquez pour en savoir plus.<\/p>\n\n\n\n<div class=\"wp-block-buttons is-content-justification-center is-layout-flex wp-container-core-buttons-is-layout-ce787fb6 wp-block-buttons-is-layout-flex\">\n<div class=\"wp-block-button is-style-secondary\"><a class=\"wp-block-button__link wp-element-button\" href=\"\/ZEGw\">Faites un don<\/a><\/div>\n<\/div>\n<\/div><\/div>\n\n\n\n<div style=\"--gpc-min-height:auto;--gpc-max-height:100%\" class=\"wp-block-gpc-wrapper wrapper wrapper-narrow a-padding-t-small a-padding-b-small a-vertical-align-center has-gpc-color-light-background-color has-background hide-desktop hide-tablet\"><div class=\"inner-wrapper\">\n<h2 class=\"wp-block-heading has-text-align-center gpc-typography-secondary-xxlarge gpc-font-weight-light gpc-top-gutter-sm gpc-bottom-gutter-md\">Toujours dans l\u2019esprit des F\u00eates et envie de donner davantage? Il n\u2019est pas trop tard!<\/h2>\n\n\n\n<p class=\"\">Lorsque vous faites un don, vous pouvez r\u00e9cup\u00e9rer jusqu\u2019\u00e0 75 % de votre contribution en cr\u00e9dits d\u2019imp\u00f4t en 2025. Cliquez pour en savoir plus.<\/p>\n\n\n\n<div class=\"wp-block-buttons is-horizontal is-content-justification-center is-layout-flex wp-container-core-buttons-is-layout-9457bcf9 wp-block-buttons-is-layout-flex\" style=\"margin-top:0;margin-bottom:0;padding-top:0;padding-bottom:0\">\n<div class=\"wp-block-button has-custom-width wp-block-button__width-50 is-style-secondary gpc-font-weight-semibold\"><a class=\"wp-block-button__link wp-element-button\" href=\"\/ZEGw\">Faites un don<\/a><\/div>\n<\/div>\n\n\n\n<figure class=\"wp-block-image size-large\" style=\"margin-top:var(--wp--preset--spacing--60);margin-right:var(--wp--preset--spacing--50);margin-bottom:var(--wp--preset--spacing--60);margin-left:var(--wp--preset--spacing--50)\"><img loading=\"lazy\" decoding=\"async\" width=\"595\" height=\"446\" src=\"https:\/\/cdn.greenparty.ca\/wp-content\/uploads\/2025\/02\/community_needs.svg\" alt=\"\" class=\"wp-image-3928\"\/><\/figure>\n<\/div><\/div>\n\n\n\n<div style=\"--gpc-min-height:auto;--gpc-max-height:100%\" class=\"wp-block-gpc-wrapper wrapper wrapper-boxed a-padding-t-medium a-padding-b-none a-vertical-align-center has-gpc-color-primary-dark-background-color has-background\"><div class=\"inner-wrapper\">\n<h2 class=\"wp-block-heading has-text-align-center gpc-typography-secondary-xxlarge gpc-font-weight-regular\"><span class=\"gpc-text-color-light\">Voyez ce que disent nos partisan\u00b7e\u00b7s !<\/span><\/h2>\n<\/div><\/div>\n\n\n\n<div class=\"wp-block-columns has-gpc-color-primary-dark-background-color has-background hide-mobile is-layout-flex wp-container-core-columns-is-layout-7bc210ba wp-block-columns-is-layout-flex\" style=\"margin-top:0;margin-bottom:0;padding-top:var(--wp--preset--spacing--60);padding-right:var(--wp--preset--spacing--80);padding-bottom:var(--wp--preset--spacing--60);padding-left:var(--wp--preset--spacing--80)\">\n<div class=\"wp-block-column is-layout-flow wp-container-core-column-is-layout-8a368f38 wp-block-column-is-layout-flow\" style=\"flex-basis:50%\">\n<blockquote class=\"wp-block-quote has-gpc-color-misc-1-background-color has-background is-layout-flow wp-block-quote-is-layout-flow\" style=\"border-radius:50px;margin-top:var(--wp--preset--spacing--50);margin-right:0;margin-bottom:var(--wp--preset--spacing--50);margin-left:var(--wp--preset--spacing--50);padding-top:var(--wp--preset--spacing--80);padding-right:var(--wp--preset--spacing--80);padding-bottom:var(--wp--preset--spacing--80);padding-left:var(--wp--preset--spacing--80)\">\n<p class=\"gpc-typography-primary-medium\">\u00ab Le Parti vert est vraiment le parti qui propose les politiques les plus sens\u00e9es et les plus pratiques pour aider tous les Canadiens. \u00bb<\/p>\n<\/blockquote>\n\n\n\n<blockquote class=\"wp-block-quote has-gpc-color-misc-2-background-color has-background is-layout-flow wp-block-quote-is-layout-flow\" style=\"border-radius:50px;margin-top:var(--wp--preset--spacing--50);margin-right:0;margin-bottom:var(--wp--preset--spacing--50);margin-left:var(--wp--preset--spacing--50);padding-top:var(--wp--preset--spacing--80);padding-right:var(--wp--preset--spacing--80);padding-bottom:var(--wp--preset--spacing--80);padding-left:var(--wp--preset--spacing--80)\">\n<p class=\"gpc-typography-primary-medium\">\u00ab Continuez \u00e0 d\u00e9fendre ce qui est juste ! Merci pour tout ce que vous faites, pour toujours vert ! \ud83d\udc9a \u00bb<\/p>\n<\/blockquote>\n\n\n\n<blockquote class=\"wp-block-quote has-gpc-color-misc-1-background-color has-background is-layout-flow wp-block-quote-is-layout-flow\" style=\"border-radius:50px;margin-top:var(--wp--preset--spacing--50);margin-right:0;margin-bottom:var(--wp--preset--spacing--50);margin-left:var(--wp--preset--spacing--50);padding-top:var(--wp--preset--spacing--80);padding-right:var(--wp--preset--spacing--80);padding-bottom:var(--wp--preset--spacing--80);padding-left:var(--wp--preset--spacing--80)\">\n<p class=\"gpc-typography-primary-medium\">\u00ab Le Parti vert est l&rsquo;avenir. Mon fils de 28 ans a vot\u00e9 vert pour la premi\u00e8re fois lors de cette \u00e9lection. \u00bb<\/p>\n<\/blockquote>\n<\/div>\n\n\n\n<div class=\"wp-block-column is-layout-flow wp-container-core-column-is-layout-8a368f38 wp-block-column-is-layout-flow\" style=\"flex-basis:50%\">\n<blockquote class=\"wp-block-quote has-gpc-color-light-background-color has-background is-layout-flow wp-block-quote-is-layout-flow\" style=\"border-radius:50px;margin-top:var(--wp--preset--spacing--50);margin-right:var(--wp--preset--spacing--50);margin-bottom:var(--wp--preset--spacing--50);margin-left:0;padding-top:var(--wp--preset--spacing--80);padding-right:var(--wp--preset--spacing--80);padding-bottom:var(--wp--preset--spacing--80);padding-left:var(--wp--preset--spacing--80)\">\n<p class=\"gpc-typography-primary-medium\">\u00ab Le Parti vert \u0153uvre \u00e0 am\u00e9liorer la vie de tous les Canadiens et l&rsquo;environnement, et ne cherche pas uniquement \u00e0 enrichir les riches par tous les moyens. \u00bb<\/p>\n<\/blockquote>\n\n\n\n<blockquote class=\"wp-block-quote has-gpc-color-misc-2-background-color has-background is-layout-flow wp-block-quote-is-layout-flow\" style=\"border-radius:50px;margin-top:var(--wp--preset--spacing--50);margin-right:var(--wp--preset--spacing--50);margin-bottom:var(--wp--preset--spacing--50);margin-left:0;padding-top:var(--wp--preset--spacing--80);padding-right:var(--wp--preset--spacing--80);padding-bottom:var(--wp--preset--spacing--80);padding-left:var(--wp--preset--spacing--80)\">\n<p class=\"gpc-typography-primary-medium\">\u00ab Merci, et continuez votre excellent travail. Le Canada a besoin des Verts, le monde a besoin des Verts ! \u00bb<\/p>\n<\/blockquote>\n<\/div>\n<\/div>\n\n\n\n<div class=\"wp-block-columns has-gpc-color-primary-dark-background-color has-background hide-desktop hide-tablet is-layout-flex wp-container-core-columns-is-layout-0fb55920 wp-block-columns-is-layout-flex\" style=\"margin-top:0;margin-bottom:0;padding-top:var(--wp--preset--spacing--60);padding-right:var(--wp--preset--spacing--40);padding-bottom:var(--wp--preset--spacing--60);padding-left:var(--wp--preset--spacing--40)\">\n<div class=\"wp-block-column is-layout-flow wp-container-core-column-is-layout-42d6acdd wp-block-column-is-layout-flow\" style=\"padding-bottom:0;flex-basis:50%\">\n<blockquote class=\"wp-block-quote is-style-default has-gpc-color-misc-1-background-color has-background is-layout-flow wp-block-quote-is-layout-flow\" style=\"border-radius:50px;margin-top:var(--wp--preset--spacing--50);margin-right:0;margin-bottom:var(--wp--preset--spacing--50);margin-left:0;padding-top:var(--wp--preset--spacing--60);padding-right:var(--wp--preset--spacing--60);padding-bottom:var(--wp--preset--spacing--40);padding-left:var(--wp--preset--spacing--60)\">\n<p class=\"has-medium-font-size gpc-typography-primary-medium\">\u00ab Le Parti vert est vraiment le parti qui propose les politiques les plus sens\u00e9es et les plus pratiques pour aider tous les Canadiens. \u00bb<\/p>\n<\/blockquote>\n\n\n\n<blockquote class=\"wp-block-quote is-style-default has-gpc-color-misc-2-background-color has-background is-layout-flow wp-block-quote-is-layout-flow\" style=\"border-radius:50px;margin-top:var(--wp--preset--spacing--70);margin-right:0;margin-bottom:var(--wp--preset--spacing--50);margin-left:0;padding-top:var(--wp--preset--spacing--60);padding-right:var(--wp--preset--spacing--60);padding-bottom:var(--wp--preset--spacing--40);padding-left:var(--wp--preset--spacing--60)\">\n<p class=\"has-medium-font-size gpc-typography-primary-medium\">\u00ab Continuez \u00e0 d\u00e9fendre ce qui est juste ! Merci pour tout ce que vous faites, pour toujours vert ! \ud83d\udc9a \u00bb<\/p>\n<\/blockquote>\n\n\n\n<blockquote class=\"wp-block-quote is-style-default has-gpc-color-misc-1-background-color has-background is-layout-flow wp-block-quote-is-layout-flow\" style=\"border-radius:50px;margin-top:var(--wp--preset--spacing--70);margin-right:0;margin-bottom:0;margin-left:0;padding-top:var(--wp--preset--spacing--60);padding-right:var(--wp--preset--spacing--60);padding-bottom:var(--wp--preset--spacing--40);padding-left:var(--wp--preset--spacing--60)\">\n<p class=\"has-medium-font-size gpc-typography-primary-medium\">\u00ab Le Parti vert est l&rsquo;avenir. Mon fils de 28 ans a vot\u00e9 vert pour la premi\u00e8re fois lors de cette \u00e9lection. \u00bb<\/p>\n<\/blockquote>\n<\/div>\n\n\n\n<div class=\"wp-block-column is-layout-flow wp-container-core-column-is-layout-8a368f38 wp-block-column-is-layout-flow\" style=\"flex-basis:50%\">\n<blockquote class=\"wp-block-quote is-style-default has-gpc-color-light-background-color has-background is-layout-flow wp-block-quote-is-layout-flow\" style=\"border-radius:50px;margin-top:0;margin-right:0;margin-bottom:var(--wp--preset--spacing--70);margin-left:0;padding-top:var(--wp--preset--spacing--60);padding-right:var(--wp--preset--spacing--60);padding-bottom:var(--wp--preset--spacing--40);padding-left:var(--wp--preset--spacing--60)\">\n<p class=\"has-medium-font-size gpc-typography-primary-medium\">\u00ab Le Parti vert \u0153uvre \u00e0 am\u00e9liorer la vie de tous les Canadiens et l&rsquo;environnement, et ne cherche pas uniquement \u00e0 enrichir les riches par tous les moyens. \u00bb<\/p>\n<\/blockquote>\n\n\n\n<blockquote class=\"wp-block-quote is-style-default has-gpc-color-misc-2-background-color has-background is-layout-flow wp-block-quote-is-layout-flow\" style=\"border-radius:50px;margin-top:var(--wp--preset--spacing--50);margin-right:0;margin-bottom:var(--wp--preset--spacing--50);margin-left:0;padding-top:var(--wp--preset--spacing--60);padding-right:var(--wp--preset--spacing--60);padding-bottom:var(--wp--preset--spacing--40);padding-left:var(--wp--preset--spacing--60)\">\n<p class=\"has-medium-font-size gpc-typography-primary-medium\">\u00ab Merci, et continuez votre excellent travail. Le Canada a besoin des Verts, le monde a besoin des Verts ! \u00bb<\/p>\n<\/blockquote>\n<\/div>\n<\/div>\n\n\n\n<div class=\"wp-block-group is-layout-constrained wp-container-core-group-is-layout-f7fbf99f wp-block-group-is-layout-constrained\" style=\"margin-top:0;margin-bottom:0;padding-top:var(--wp--preset--spacing--70);padding-bottom:var(--wp--preset--spacing--70)\">\n<div class=\"wp-block-buttons is-content-justification-center is-layout-flex wp-container-core-buttons-is-layout-a89b3969 wp-block-buttons-is-layout-flex\">\n<div class=\"wp-block-button\"><a class=\"wp-block-button__link wp-element-button\" href=\"\/fr\">Retourner \u00e0 partivert.ca<\/a><\/div>\n<\/div>\n<\/div>\n","protected":false},"excerpt":{"rendered":"<p>\u00ab Le Parti vert est vraiment le parti qui propose les politiques les plus sens\u00e9es et les plus pratiques pour aider tous les Canadiens. \u00bb \u00ab Continuez \u00e0 d\u00e9fendre ce [&hellip;]<\/p>\n","protected":false},"author":41,"featured_media":0,"parent":0,"menu_order":0,"comment_status":"closed","ping_status":"closed","template":"page-templates\/blank.php","meta":{"_acf_changed":false,"inline_featured_image":false,"site-sidebar-layout":"default","site-content-layout":"","ast-site-content-layout":"","site-content-style":"default","site-sidebar-style":"default","ast-global-header-display":"","ast-banner-title-visibility":"","ast-main-header-display":"","ast-hfb-above-header-display":"","ast-hfb-below-header-display":"","ast-hfb-mobile-header-display":"","site-post-title":"disabled","ast-breadcrumbs-content":"","ast-featured-img":"","footer-sml-layout":"","ast-disable-related-posts":"","theme-transparent-header-meta":"","adv-header-id-meta":"","stick-header-meta":"","header-above-stick-meta":"","header-main-stick-meta":"","header-below-stick-meta":"","astra-migrate-meta-layouts":"default","ast-page-background-enabled":"default","ast-page-background-meta":{"desktop":{"background-color":"var(--ast-global-color-5)","background-image":"","background-repeat":"repeat","background-position":"center center","background-size":"auto","background-attachment":"scroll","background-type":"","background-media":"","overlay-type":"","overlay-color":"","overlay-opacity":"","overlay-gradient":""},"tablet":{"background-color":"","background-image":"","background-repeat":"repeat","background-position":"center center","background-size":"auto","background-attachment":"scroll","background-type":"","background-media":"","overlay-type":"","overlay-color":"","overlay-opacity":"","overlay-gradient":""},"mobile":{"background-color":"","background-image":"","background-repeat":"repeat","background-position":"center center","background-size":"auto","background-attachment":"scroll","background-type":"","background-media":"","overlay-type":"","overlay-color":"","overlay-opacity":"","overlay-gradient":""}},"ast-content-background-meta":{"desktop":{"background-color":"var(--ast-global-color-4)","background-image":"","background-repeat":"repeat","background-position":"center center","background-size":"auto","background-attachment":"scroll","background-type":"","background-media":"","overlay-type":"","overlay-color":"","overlay-opacity":"","overlay-gradient":""},"tablet":{"background-color":"var(--ast-global-color-4)","background-image":"","background-repeat":"repeat","background-position":"center center","background-size":"auto","background-attachment":"scroll","background-type":"","background-media":"","overlay-type":"","overlay-color":"","overlay-opacity":"","overlay-gradient":""},"mobile":{"background-color":"var(--ast-global-color-4)","background-image":"","background-repeat":"repeat","background-position":"center center","background-size":"auto","background-attachment":"scroll","background-type":"","background-media":"","overlay-type":"","overlay-color":"","overlay-opacity":"","overlay-gradient":""}},"_price":"","_stock":"","_tribe_ticket_header":"","_tribe_default_ticket_provider":"","_tribe_ticket_capacity":"0","_ticket_start_date":"","_ticket_end_date":"","_tribe_ticket_show_description":"","_tribe_ticket_show_not_going":false,"_tribe_ticket_use_global_stock":"","_tribe_ticket_global_stock_level":"","_global_stock_mode":"","_global_stock_cap":"","_tribe_rsvp_for_event":"","_tribe_ticket_going_count":"","_tribe_ticket_not_going_count":"","_tribe_tickets_list":"[]","_tribe_ticket_has_attendee_info_fields":false,"footnotes":"","_tec_slr_enabled":"","_tec_slr_layout":""},"class_list":["post-21986","page","type-page","status-publish","hentry"],"acf":[],"ticketed":false,"_links":{"self":[{"href":"https:\/\/www.greenparty.ca\/fr\/wp-json\/wp\/v2\/pages\/21986","targetHints":{"allow":["GET"]}}],"collection":[{"href":"https:\/\/www.greenparty.ca\/fr\/wp-json\/wp\/v2\/pages"}],"about":[{"href":"https:\/\/www.greenparty.ca\/fr\/wp-json\/wp\/v2\/types\/page"}],"author":[{"embeddable":true,"href":"https:\/\/www.greenparty.ca\/fr\/wp-json\/wp\/v2\/users\/41"}],"replies":[{"embeddable":true,"href":"https:\/\/www.greenparty.ca\/fr\/wp-json\/wp\/v2\/comments?post=21986"}],"version-history":[{"count":17,"href":"https:\/\/www.greenparty.ca\/fr\/wp-json\/wp\/v2\/pages\/21986\/revisions"}],"predecessor-version":[{"id":22056,"href":"https:\/\/www.greenparty.ca\/fr\/wp-json\/wp\/v2\/pages\/21986\/revisions\/22056"}],"wp:attachment":[{"href":"https:\/\/www.greenparty.ca\/fr\/wp-json\/wp\/v2\/media?parent=21986"}],"curies":[{"name":"wp","href":"https:\/\/api.w.org\/{rel}","templated":true}]}}