{"id":20108,"date":"2025-09-21T19:03:03","date_gmt":"2025-09-21T23:03:03","guid":{"rendered":"https:\/\/www.greenparty.ca\/?page_id=20108"},"modified":"2025-10-21T13:32:10","modified_gmt":"2025-10-21T17:32:10","slug":"elections-des-conseils-2025-profils-des-candidatures","status":"publish","type":"page","link":"https:\/\/www.greenparty.ca\/fr\/elections-des-conseils-2025-profils-des-candidatures","title":{"rendered":"\u00c9lections des conseils 2025 \u2013 Profils des candidatures"},"content":{"rendered":"\n<p class=\"has-regular-font-size gpc-typography-body\">Apprenez-en davantage sur les personnes qui se pr\u00e9sentent aux \u00e9lections du Conseil f\u00e9d\u00e9ral et du Conseil des Jeunes du Parti vert du Canada en 2025.<\/p>\n\n\n\n<p class=\"has-regular-font-size\">\u00c0 noter : les postes de \u00ab pr\u00e9sident \u00bb et de \u00ab vice-pr\u00e9sident \u00bb du Conseil f\u00e9d\u00e9ral sont d\u00e9sormais appel\u00e9s respectivement \u00ab pr\u00e9sidence \u00bb et \u00ab vice-pr\u00e9sidence \u00bb.<\/p>\n\n\n\n<div style=\"--gpc-min-height:auto;--gpc-max-height:100%\" class=\"wp-block-gpc-wrapper wrapper wrapper-boxed a-padding-t-small a-padding-b-small a-vertical-align-center has-gpc-color-misc-2-background-color has-background\"><div class=\"inner-wrapper\">\n<p class=\"\">En r\u00e9ponse \u00e0 une plainte d\u00e9pos\u00e9e le 24 septembre 2025, le Sous-comit\u00e9 de surveillance des \u00e9lections du Conseil f\u00e9d\u00e9ral a d\u00e9termin\u00e9, lors de sa r\u00e9union du 27 septembre 2025, qu\u2019une mise en nomination d\u2019un candidat avait \u00e9t\u00e9 faite en violation de la R\u00e8gle \u00e9lectorale 9.2.2 du Conseil f\u00e9d\u00e9ral.<\/p>\n\n\n\n<p class=\"\">Dans l\u2019int\u00e9r\u00eat de la diligence raisonnable, le Sous-comit\u00e9 a pris en consid\u00e9ration la R\u00e8gle 5.5.2 dans le cadre de ses d\u00e9lib\u00e9rations et a conclu qu\u2019une mise en nomination \u00e9tait invalide en vertu de cette r\u00e8gle et n\u2019aurait pas d\u00fb \u00eatre publi\u00e9e. La mise en nomination en question a \u00e9t\u00e9 supprim\u00e9e.<\/p>\n<\/div><\/div>\n\n\n\n<div style=\"height:20px\" aria-hidden=\"true\" class=\"wp-block-spacer\"><\/div>\n\n\n\n<div style=\"--gpc-min-height:auto;--gpc-max-height:100%\" class=\"wp-block-gpc-wrapper wrapper wrapper-boxed a-padding-t-small a-padding-b-small a-vertical-align-center has-gpc-color-misc-2-background-color has-background\"><div class=\"inner-wrapper\">\n<p class=\"\">D\u00e9claration sur la conformit\u00e9 des \u00e9lections du Conseil f\u00e9d\u00e9ral publi\u00e9e par le Sous-comit\u00e9 de surveillance des \u00e9lections du Conseil f\u00e9d\u00e9ral le 20 octobre 2025.<\/p>\n\n\n\n<div class=\"wp-block-buttons is-layout-flex wp-block-buttons-is-layout-flex\">\n<div class=\"wp-block-button\"><a class=\"wp-block-button__link has-text-align-center wp-element-button\" href=\"https:\/\/cdn.greenparty.ca\/wp-content\/uploads\/2025\/10\/Statement-on-FC-election-compliance-EN-FR.pdf\">LIRE<\/a><\/div>\n<\/div>\n<\/div><\/div>\n\n\n\n<hr class=\"wp-block-separator has-alpha-channel-opacity\"\/>\n\n\n\n<h2 class=\"wp-block-heading has-text-align-center\">CANDIDATURES AU CONSEIL F\u00c9D\u00c9RAL<\/h2>\n\n\n\n<hr class=\"wp-block-separator has-alpha-channel-opacity\"\/>\n\n\n\n<div style=\"height:20px\" aria-hidden=\"true\" class=\"wp-block-spacer\"><\/div>\n\n\n\n<h2 class=\"wp-block-heading has-text-align-center\">Candidatures \u00e0 la pr\u00e9sidence<\/h2>\n\n\n\n<figure class=\"wp-block-image aligncenter size-medium\" style=\"margin-top:20px;margin-right:20px;margin-bottom:20px;margin-left:20px\"><img loading=\"lazy\" decoding=\"async\" width=\"300\" height=\"300\" src=\"https:\/\/cdn.greenparty.ca\/wp-content\/uploads\/2025\/09\/Amanda-Rosenstock-Chair-Candidate-300x300.png\" alt=\"\" class=\"wp-image-20031\" srcset=\"https:\/\/cdn.greenparty.ca\/wp-content\/uploads\/2025\/09\/Amanda-Rosenstock-Chair-Candidate-300x300.png 300w, https:\/\/cdn.greenparty.ca\/wp-content\/uploads\/2025\/09\/Amanda-Rosenstock-Chair-Candidate-150x150.png 150w, https:\/\/cdn.greenparty.ca\/wp-content\/uploads\/2025\/09\/Amanda-Rosenstock-Chair-Candidate.png 500w\" sizes=\"auto, (max-width: 300px) 100vw, 300px\" \/><\/figure>\n\n\n\n<h3 class=\"wp-block-heading\">Amanda Rosenstock<\/h3>\n\n\n\n<p class=\"has-regular-font-size\">Amanda vit \u00e0 Ottawa avec son partenaire, Charles, et travaille comme analyste des politiques sur le projet de train \u00e0 grande vitesse. Amanda est passionn\u00e9e par la r\u00e9duction du nombre de voitures sur les routes et milite avec des groupes locaux pour am\u00e9liorer le transport en commun et promouvoir un d\u00e9veloppement urbain durable. Elle est coureuse et aime participer \u00e0 des courses dans la r\u00e9gion d\u2019Ottawa.<\/p>\n\n\n\n<p class=\"has-regular-font-size\">En tant que candidate \u00e0 deux reprises (Spadina\u2013Fort York, Toronto, 2021 et Ottawa-Centre, 2025), Amanda comprend que l\u2019objectif le plus important du Parti vert du Canada est de gagner des si\u00e8ges au Parlement. Cela commence par un travail \u00e9troit avec tous les membres du Conseil afin de faciliter une transition harmonieuse de la direction, d\u2019attirer des fonds indispensables, de recruter de nouveaux membres et de revitaliser nos AC\u00c9. En tant que pr\u00e9sidente, une autre priorit\u00e9 pour Amanda sera d\u2019identifier et de faire avancer des initiatives qui donnent aux AC\u00c9 les outils n\u00e9cessaires pour b\u00e2tir des communaut\u00e9s solides et \u00eatre pr\u00eates \u00e0 faire campagne tout au long de l\u2019ann\u00e9e. Des d\u00e9cisions visant \u00e0 augmenter le personnel seront essentielles pour s\u2019assurer que les AC\u00c9 re\u00e7oivent un soutien en temps opportun et de mani\u00e8re efficace.<\/p>\n\n\n\n<p class=\"\"> Site web : <a href=\"https:\/\/www.rosenstock.ca\/\">https:\/\/www.rosenstock.ca\/<\/a><\/p>\n\n\n\n<p class=\"has-regular-font-size\"><strong><strong><strong><strong>Endosseurs :<\/strong><\/strong><\/strong> <\/strong>Nic Baird, Simon Beckett, Richard Guy Briggs, Vincent Carbonneau, Nira Dookeran, Eric Gilmour, Johannes Hamels, Kyle Hutton, Jaycob Jacques, Anna Keenan, Mark MacKenzie, Sheilagh McLean, Michelle Petersen, Harmon Pope, Jason Scott, Evelyn Tanaka, Bruce Van Dieten, Gillian Walker, Chad Walcott<\/p>\n\n\n\n<figure class=\"wp-block-image aligncenter size-medium\" style=\"margin-top:20px;margin-right:20px;margin-bottom:20px;margin-left:20px\"><img loading=\"lazy\" decoding=\"async\" width=\"300\" height=\"300\" src=\"https:\/\/cdn.greenparty.ca\/wp-content\/uploads\/2025\/09\/Dr.-Anne-Marie-Zajdlik-Chair-Candidate-300x300.png\" alt=\"\" class=\"wp-image-20037\" srcset=\"https:\/\/cdn.greenparty.ca\/wp-content\/uploads\/2025\/09\/Dr.-Anne-Marie-Zajdlik-Chair-Candidate-300x300.png 300w, https:\/\/cdn.greenparty.ca\/wp-content\/uploads\/2025\/09\/Dr.-Anne-Marie-Zajdlik-Chair-Candidate-150x150.png 150w, https:\/\/cdn.greenparty.ca\/wp-content\/uploads\/2025\/09\/Dr.-Anne-Marie-Zajdlik-Chair-Candidate.png 500w\" sizes=\"auto, (max-width: 300px) 100vw, 300px\" \/><\/figure>\n\n\n\n<h3 class=\"wp-block-heading\">Dre Anne-Marie Zajdlik<\/h3>\n\n\n\n<p class=\"has-regular-font-size\">La Dre Anne-Marie Zajdlik consacre depuis plus de 30 ans sa carri\u00e8re au service de sa communaut\u00e9 en tant que m\u00e9decin de famille et sp\u00e9cialiste r\u00e9gionale du VIH. Elle est largement reconnue pour allier expertise m\u00e9dicale et leadership compatissant, fond\u00e9 sur des donn\u00e9es probantes.<\/p>\n\n\n\n<p class=\"has-regular-font-size\">Anne-Marie a fond\u00e9 les cliniques ARCH \u00e0 Guelph et Waterloo, des cliniques provinciales pour le VIH\/sida qui ont offert des soins \u00e0 des centaines de patient\u00b7e\u00b7s dans le sud-ouest de l\u2019Ontario. Elle est \u00e9galement la fondatrice de <strong>Bracelet of Hope<\/strong>, un organisme de bienfaisance qui a recueilli 1 million de dollars pour soutenir les efforts de lutte contre le VIH\/sida au Lesotho, en Afrique, finan\u00e7ant ainsi des traitements vitaux pour 11 000 personnes. Aujourd\u2019hui, l\u2019organisation poursuit son travail par l\u2019interm\u00e9diaire de foyers pour orphelins du sida et d\u2019unit\u00e9s de sant\u00e9 mobiles qui desservent 30 000 personnes dans les r\u00e9gions rurales du Lesotho. Son leadership s\u2019est \u00e9galement illustr\u00e9 dans le projet <strong>OHAfrica<\/strong> de l\u2019Association des h\u00f4pitaux de l\u2019Ontario, o\u00f9 elle a fait partie de l\u2019\u00e9quipe m\u00e9dicale canadienne qui a ouvert la premi\u00e8re clinique VIH\/sida au Lesotho.<\/p>\n\n\n\n<p class=\"has-regular-font-size\">Pendant la pand\u00e9mie de COVID-19, Anne-Marie est devenue une voix de confiance pour le public, offrant des mises \u00e0 jour quotidiennes \u00e0 plus de 40 000 abonn\u00e9s et coanimant la s\u00e9rie de webinaires <strong>Finding the Balance During COVID-19<\/strong>, qui a rejoint plus de 20 000 Canadien\u00b7ne\u00b7s. Sa capacit\u00e9 \u00e0 communiquer clairement et \u00e0 apporter du r\u00e9confort en p\u00e9riode de crise refl\u00e8te le type de leadership stable qu\u2019elle apporte \u00e0 chacun de ses r\u00f4les.<\/p>\n\n\n\n<p class=\"has-regular-font-size\">Anne-Marie s\u2019est pr\u00e9sent\u00e9e comme candidate du Parti vert du Canada dans la circonscription de Guelph lors des \u00e9lections de 2025 et si\u00e8ge maintenant au cabinet fant\u00f4me du parti \u00e0 titre de critique en mati\u00e8re de sant\u00e9, plaidant pour des politiques fond\u00e9es sur la science, l\u2019\u00e9quit\u00e9 et la compassion.<\/p>\n\n\n\n<p class=\"has-regular-font-size\">Ses contributions ont \u00e9t\u00e9 reconnues par de nombreuses distinctions, dont l\u2019<strong>Ordre de l\u2019Ontario<\/strong>, la <strong>M\u00e9daille du jubil\u00e9 de diamant de la reine Elizabeth II<\/strong> et la <strong>M\u00e9daille du service m\u00e9ritoire<\/strong> du gouverneur g\u00e9n\u00e9ral, en plus de prix pour l\u2019ensemble de sa carri\u00e8re et son r\u00f4le de b\u00e2tisseuse de communaut\u00e9 dans sa r\u00e9gion.<\/p>\n\n\n\n<p class=\"has-regular-font-size\">Anne-Marie souhaite mettre son exp\u00e9rience en gouvernance, en leadership organisationnel et en service public au profit du r\u00f4le de pr\u00e9sidente.<\/p>\n\n\n\n<p class=\"has-regular-font-size\"><strong><strong><strong><strong>Endosseurs :<\/strong><\/strong><\/strong> <\/strong>Helen Chenell, Steve Dyke, Vera Dyke, Aysha Emmerson, Rainbow Eyes, Drew Fenwick, Anna Gorka, Janice Harvey, Dirk Hoeppner, Naomi Hunter, John Kidder, Ashley MacDonald, Blair Mahaffy, Gil Maurice, Chris Morton, Matthew Piggott, Anthea Plummer, Conor Russell, Matthew Ray Smith, Kristian Solarik, Irene Szabo, Evelyn Tanaka, Matt Welke<\/p>\n\n\n\n<hr class=\"wp-block-separator has-alpha-channel-opacity\"\/>\n\n\n\n<h2 class=\"wp-block-heading has-text-align-center\">Candidatures \u00e0 la vice-pr\u00e9sidence (anglophone)<\/h2>\n\n\n\n<figure class=\"wp-block-image aligncenter size-medium\" style=\"margin-top:20px;margin-right:20px;margin-bottom:20px;margin-left:20px\"><img loading=\"lazy\" decoding=\"async\" width=\"300\" height=\"300\" src=\"https:\/\/cdn.greenparty.ca\/wp-content\/uploads\/2025\/09\/Eric-Gilmour-Vice-Chair-English-Candidate-300x300.png\" alt=\"\" class=\"wp-image-20041\" srcset=\"https:\/\/cdn.greenparty.ca\/wp-content\/uploads\/2025\/09\/Eric-Gilmour-Vice-Chair-English-Candidate-300x300.png 300w, https:\/\/cdn.greenparty.ca\/wp-content\/uploads\/2025\/09\/Eric-Gilmour-Vice-Chair-English-Candidate-150x150.png 150w, https:\/\/cdn.greenparty.ca\/wp-content\/uploads\/2025\/09\/Eric-Gilmour-Vice-Chair-English-Candidate.png 500w\" sizes=\"auto, (max-width: 300px) 100vw, 300px\" \/><\/figure>\n\n\n\n<h3 class=\"wp-block-heading\">Eric Gilmour<\/h3>\n\n\n\n<p class=\"has-regular-font-size\">Depuis 10 ans, je suis b\u00e9n\u00e9vole pour le Parti vert. J\u2019ai commenc\u00e9 lors de l\u2019\u00e9lection g\u00e9n\u00e9rale de 2015 dans ma circonscription de l\u2019\u00e9poque, Simcoe-Nord, mais j\u2019ai rapidement acquis de l\u2019exp\u00e9rience partout dans la province et au pays.<\/p>\n\n\n\n<p class=\"has-regular-font-size\">J\u2019ai si\u00e9g\u00e9 \u00e0 l\u2019ex\u00e9cutif provincial du Parti vert de l\u2019Ontario (\u00e9quivalent du Conseil f\u00e9d\u00e9ral) d\u2019abord comme repr\u00e9sentant des Jeunes Verts de mai 2017 \u00e0 novembre 2019, puis comme repr\u00e9sentant de l\u2019Est de l\u2019Ontario de novembre 2020 \u00e0 mars 2025. J\u2019ai \u00e9galement \u00e9t\u00e9 pr\u00e9sident du Comit\u00e9 de conduite du PVO d\u2019avril 2018 \u00e0 mars 2025. Durant ces r\u00f4les de gouvernance, j\u2019ai dirig\u00e9 des projets tels que la r\u00e9forme de nos politiques sur les espaces s\u00e9curitaires, la r\u00e9forme des proc\u00e9dures et r\u00e8gles de nos assembl\u00e9es g\u00e9n\u00e9rales, la r\u00e9\u00e9criture du Code de conduite des membres et d\u2019autres t\u00e2ches de gouvernance. Pendant mon mandat \u00e0 l\u2019ex\u00e9cutif provincial, le parti a \u00e9lu son premier si\u00e8ge avec Mike Schreiner en 2018, puis a doubl\u00e9 son caucus en 2023 avec Aislinn Clancy.<\/p>\n\n\n\n<p class=\"has-regular-font-size\">J\u2019ai \u00e9galement \u00e9t\u00e9 un militant de terrain actif. Apr\u00e8s mes d\u00e9buts \u00e0 Simcoe-Nord, j\u2019ai particip\u00e9 \u00e0 des campagnes partout en Ontario, et m\u00eame en Colombie-Britannique en 2017 pour aider \u00e0 la campagne de Mark Neufeld dans Saanich South. Je suis devenu un sp\u00e9cialiste du \u00ab Get Out the Vote \u00bb (GOTV), un r\u00f4le ax\u00e9 sur la conversion de nos sympathisant\u00b7e\u00b7s en \u00e9lecteurs et \u00e9lectrices. J\u2019ai dirig\u00e9 les efforts de GOTV pour les campagnes de Matt Richter en 2022 et 2025 ainsi que pour celle d\u2019Aislinn Clancy en 2023.<\/p>\n\n\n\n<p class=\"has-regular-font-size\">Sur le plan professionnel, je d\u00e9tiens un baccalaur\u00e9at en g\u00e9nie ainsi qu\u2019un dipl\u00f4me d\u2019\u00e9tudes coll\u00e9giales avanc\u00e9es en technologie du g\u00e9nie civil. J\u2019occupe actuellement le poste de coordonnateur de projet dans une firme de g\u00e9nie-conseil.<\/p>\n\n\n\n<p class=\"has-regular-font-size\">Je poss\u00e8de les comp\u00e9tences et l\u2019exp\u00e9rience n\u00e9cessaires pour aider le Parti vert du Canada \u00e0 rebondir et \u00e0 retrouver le chemin du succ\u00e8s.<\/p>\n\n\n\n<p class=\"has-regular-font-size\">Site web : <a href=\"https:\/\/www.ericgilmour.ca\/\">https:\/\/www.ericgilmour.ca\/<\/a><\/p>\n\n\n\n<p class=\"has-regular-font-size\"><strong><strong><strong><strong>Endosseurs :<\/strong><\/strong><\/strong> <\/strong>Charles Anifowose, Nicolas Baird, Simon Beckett, Phoebe Cullingham, Nira Dookeran, Brent Elsey, Karen Farley, Alexander Gill, Simon Guthrie, Johan Hamels, Danny Handelman, Carolyn Herbert, Kyle Hutton, Jaycob Jacques, Catherine Jones, Nikolas Kuchmij, Mark MacKenzie, Sheilagh McLean, David Merner, Samuel Moisan-Domm, Christian Proulx, Amanda Rosenstock, Susan Short, Evelyn Tanaka, Bruce Van Dieten, Ard Van Leeuwen, Chad Walcott, Gillian Walker, John Willson, Lara Zullow<\/p>\n\n\n\n<figure class=\"wp-block-image aligncenter size-medium\" style=\"margin-top:20px;margin-right:20px;margin-bottom:20px;margin-left:20px\"><img loading=\"lazy\" decoding=\"async\" width=\"300\" height=\"300\" src=\"https:\/\/cdn.greenparty.ca\/wp-content\/uploads\/2025\/09\/Naomi-Hunter-Vice-Chair-English-Candidate-300x300.png\" alt=\"\" class=\"wp-image-20043\" srcset=\"https:\/\/cdn.greenparty.ca\/wp-content\/uploads\/2025\/09\/Naomi-Hunter-Vice-Chair-English-Candidate-300x300.png 300w, https:\/\/cdn.greenparty.ca\/wp-content\/uploads\/2025\/09\/Naomi-Hunter-Vice-Chair-English-Candidate-150x150.png 150w, https:\/\/cdn.greenparty.ca\/wp-content\/uploads\/2025\/09\/Naomi-Hunter-Vice-Chair-English-Candidate.png 500w\" sizes=\"auto, (max-width: 300px) 100vw, 300px\" \/><\/figure>\n\n\n\n<h3 class=\"wp-block-heading\">Naomi Hunter<\/h3>\n\n\n\n<p class=\"has-regular-font-size\">Naomi Hunter est la chef du Parti vert de la Saskatchewan et elle est tr\u00e8s active au sein du Parti vert du Canada. Elle est copr\u00e9sidente du caucus des femmes du PVC, qui a produit de nombreux balados pour aider les candidat\u00b7e\u00b7s et qui lance maintenant un programme de mentorat. Naomi poss\u00e8de des d\u00e9cennies d\u2019exp\u00e9rience dans les m\u00e9dias et s\u2019est pr\u00e9sent\u00e9e \u00e0 plusieurs reprises comme candidate verte, tant au f\u00e9d\u00e9ral qu\u2019au provincial. Elle consacre \u00e9galement beaucoup de temps \u00e0 aider d\u2019autres candidat\u00b7e\u00b7s \u00e0 travers le pays \u00e0 se pr\u00e9senter, se d\u00e9pla\u00e7ant dans d\u2019autres provinces ainsi qu\u2019\u00e0 l\u2019int\u00e9rieur de la Saskatchewan pour soutenir leurs campagnes.<\/p>\n\n\n\n<p class=\"has-regular-font-size\">L\u2019\u00e9t\u00e9, Naomi g\u00e8re la ferme familiale de camerises avec son p\u00e8re pr\u00e8s de Prince Albert, en Saskatchewan. Le reste de l\u2019ann\u00e9e, elle poss\u00e8de et exploite une boutique de d\u00e9tail dans le quartier Riversdale \u00e0 Saskatoon, o\u00f9 elle vend des bijoux en argent sterling faits sur mesure. Ayant \u00e9t\u00e9 travailleuse autonome la majeure partie de sa vie adulte, Naomi comprend bien les d\u00e9fis auxquels font face les propri\u00e9taires de petites entreprises.<\/p>\n\n\n\n<p class=\"has-regular-font-size\">L\u2019implication communautaire a toujours \u00e9t\u00e9 un \u00e9l\u00e9ment central de la vie de Naomi. Qu\u2019il s\u2019agisse de d\u00e9jeuners communautaires, de nettoyages de parcs ou d\u2019aider des personnes \u00e0 emm\u00e9nager dans un logement s\u00e9curitaire, Naomi est toujours sur le terrain, pr\u00eate \u00e0 retrousser ses manches.<\/p>\n\n\n\n<p class=\"has-regular-font-size\">Naomi et ses enfants ont \u00e9t\u00e9 les premi\u00e8res personnes \u00e0 vivre \u00e0 temps plein au Craik Sustainable Living Project. Ils vivaient hors r\u00e9seau dans une yourte mongole avec un panneau solaire pour l\u2019\u00e9lectricit\u00e9, et ce, durant un hiver rigoureux de la Saskatchewan. Montrer que les valeurs et les id\u00e9es vertes peuvent \u00eatre appliqu\u00e9es concr\u00e8tement dans notre climat des Prairies a \u00e9t\u00e9 un outil \u00e9ducatif important.<\/p>\n\n\n\n<p class=\"has-regular-font-size\">Naomi Hunter est la repr\u00e9sentante que nous souhaiterions tous avoir : une militante de longue date. Son identit\u00e9 m\u00eame repose sur son accessibilit\u00e9, sa capacit\u00e9 d\u2019\u00e9coute et son efficacit\u00e9. Elle est \u00e9galement une voix puissante contre l\u2019injustice et l\u2019irresponsabilit\u00e9 environnementale. Tout au long de sa vie, elle a organis\u00e9 de nombreuses manifestations, p\u00e9titions et \u00e9v\u00e9nements.N\u2019h\u00e9sitez pas \u00e0 la contacter : Naomi aimerait avoir de vos nouvelles. Elle r\u00e9pond personnellement \u00e0 tous ses messages, courriels et appels t\u00e9l\u00e9phoniques. Elle a h\u00e2te de vous repr\u00e9senter et vous remercie de votre soutien.<\/p>\n\n\n\n<p class=\"has-regular-font-size\"><strong>Courriel :<\/strong> <a href=\"mailto:naomi.ness6@gmail.com\">naomi.ness6@gmail.com<\/a> | <strong>T\u00e9l\u00e9phone :<\/strong> 1-306-561-8880<\/p>\n\n\n\n<p class=\"has-regular-font-size\"><strong><strong><strong>Endosseurs :<\/strong><\/strong><\/strong> Dave Bagler, Gianna Broughton, Kelly-Ann Callaghan, Otis Crandall, Nick Dickenson-Wilde, Rainbow Eyes, Douglas Gook, Michael Hamm, Beth Hunter, Ashley MacDonald, Blair Mahaffy, John Northey, Nathe Perrone, Michelle Petersen, Matthew Piggot, R\u00e9mi Rheault, Kristian Solarik, Evelyn Tanaka, Zachary Typhair, Jessica Wegg, Andrea Wood<\/p>\n\n\n\n<hr class=\"wp-block-separator has-alpha-channel-opacity\"\/>\n\n\n\n<h2 class=\"wp-block-heading has-text-align-center\">Candidatures \u00e0 la vice-pr\u00e9sidence (francophone)<\/h2>\n\n\n\n<figure class=\"wp-block-image aligncenter size-medium\" style=\"margin-top:20px;margin-right:20px;margin-bottom:20px;margin-left:20px\"><img loading=\"lazy\" decoding=\"async\" width=\"300\" height=\"300\" src=\"https:\/\/cdn.greenparty.ca\/wp-content\/uploads\/2025\/09\/Vincent-J.-Carbonneau-Vice-Chair-French-Candidate-300x300.png\" alt=\"\" class=\"wp-image-20053\" srcset=\"https:\/\/cdn.greenparty.ca\/wp-content\/uploads\/2025\/09\/Vincent-J.-Carbonneau-Vice-Chair-French-Candidate-300x300.png 300w, https:\/\/cdn.greenparty.ca\/wp-content\/uploads\/2025\/09\/Vincent-J.-Carbonneau-Vice-Chair-French-Candidate-150x150.png 150w, https:\/\/cdn.greenparty.ca\/wp-content\/uploads\/2025\/09\/Vincent-J.-Carbonneau-Vice-Chair-French-Candidate.png 500w\" sizes=\"auto, (max-width: 300px) 100vw, 300px\" \/><\/figure>\n\n\n\n<h3 class=\"wp-block-heading\">Vincent J. Carbonneau<\/h3>\n\n\n\n<p class=\"has-regular-font-size\">L\u2019engagement de Vincent J. Carbonneau au sein du mouvement vert a d\u00e9but\u00e9 en 2011 et s\u2019est d\u00e9velopp\u00e9 dans le contexte du mouvement \u00e9tudiant qu\u00e9b\u00e9cois. Son engagement est m\u00fb par la conviction profonde de l\u2019importance d\u2019un mouvement vert fort, d\u00e9mocratique, inclusif et porteur de changements significatifs pour l\u2019ensemble des citoyens de ce pays.<\/p>\n\n\n\n<p class=\"has-regular-font-size\">Vincent est actuellement enseignant en sciences sociales au secondaire \u00e0 Montr\u00e9al. Il d\u00e9tient un baccalaur\u00e9at en histoire et un deuxi\u00e8me en droit de l\u2019Universit\u00e9 de Montr\u00e9al, ainsi qu\u2019une ma\u00eetrise en enseignement de l\u2019Universit\u00e9 McGill. En septembre 2023, il est \u00e9lu vice-pr\u00e9sident francophone du parti, puis en d\u00e9cembre 2024, il devient pr\u00e9sident du Conseil f\u00e9d\u00e9ral. \u00c0 un moment o\u00f9 le parti conna\u00eet une p\u00e9riode difficile, il rel\u00e8ve le d\u00e9fi afin que le PVC puisse traverser cette p\u00e9riode et en sortir plus fort.<\/p>\n\n\n\n<p class=\"has-regular-font-size\">Au fil des ans, Vincent a contribu\u00e9 \u00e0 de nombreuses campagnes \u00e9lectorales f\u00e9d\u00e9rales et provinciales, ce qui lui a permis d\u2019acqu\u00e9rir une compr\u00e9hension approfondie des d\u00e9fis et des opportunit\u00e9s auxquels le Parti vert est confront\u00e9. Il croit fermement que la r\u00e9ussite d\u2019un mouvement \u00e9cologiste repose sur l\u2019engagement de ses membres, sur la clart\u00e9 de son message et sur son d\u00e9sir de transformer radicalement la soci\u00e9t\u00e9 canadienne afin qu\u2019elle surmonte les grands d\u00e9fis sociaux, \u00e9conomiques et politiques auxquels elle fait face.<\/p>\n\n\n\n<p class=\"has-regular-font-size\">Par cette deuxi\u00e8me candidature au Conseil f\u00e9d\u00e9ral, Vincent souhaite poursuivre ses efforts afin de b\u00e2tir une organisation interne solide, d\u00e9mocratique et efficace. Son approche repose sur la collaboration, le compromis, la recherche de solutions constructives et la volont\u00e9 de cr\u00e9er un espace o\u00f9 chaque membre se sent \u00e9cout\u00e9 et impliqu\u00e9.<\/p>\n\n\n\n<p class=\"has-regular-font-size\">Anim\u00e9 par la conviction que le Parti vert a jou\u00e9, joue et devra jouer un r\u00f4le essentiel en politique canadienne, il souhaite mettre son exp\u00e9rience, ses comp\u00e9tences et son \u00e9nergie au service de ce mouvement politique qui transcende les fronti\u00e8res. Son objectif est de contribuer \u00e0 l\u2019\u00e9mergence d\u2019un parti plus fort, capable de porter haut ses valeurs et de proposer une v\u00e9ritable alternative politique.<\/p>\n\n\n\n<p class=\"has-regular-font-size\"><strong><strong><strong>Endosseurs :<\/strong><\/strong><\/strong> Gabriel Blanc, Robin Dick, Daniel Green, Mario Guay, Dave Hamelin-Schuilenburg, Luc Joli-Coeur, Anna Keenan, Darcie Lanthier, Michel Le Comte, Martin Mueller-Judson, Fr\u00e9d\u00e9ric Morin-Paquette, Samuel Moisan-Domm, Nathe Perrone, Michelle Petersen, \u00c9rica Poirier, Amanda Rosenstock, Ian Soutar, Ian Thomas Shaw, \u00c9ric Trottier, Juan Vazquez, Chad Walcott<\/p>\n\n\n\n<hr class=\"wp-block-separator has-alpha-channel-opacity\"\/>\n\n\n\n<h2 class=\"wp-block-heading has-text-align-center\">Candidatures \u00e0 la repr\u00e9sentation de l\u2019Alberta<\/h2>\n\n\n\n<figure class=\"wp-block-image aligncenter size-medium\" style=\"margin-top:20px;margin-right:20px;margin-bottom:20px;margin-left:20px\"><img loading=\"lazy\" decoding=\"async\" width=\"300\" height=\"300\" src=\"https:\/\/cdn.greenparty.ca\/wp-content\/uploads\/2025\/09\/Carey-Rutherford-Alberta-Representative-Candidate-300x300.png\" alt=\"\" class=\"wp-image-20033\" srcset=\"https:\/\/cdn.greenparty.ca\/wp-content\/uploads\/2025\/09\/Carey-Rutherford-Alberta-Representative-Candidate-300x300.png 300w, https:\/\/cdn.greenparty.ca\/wp-content\/uploads\/2025\/09\/Carey-Rutherford-Alberta-Representative-Candidate-150x150.png 150w, https:\/\/cdn.greenparty.ca\/wp-content\/uploads\/2025\/09\/Carey-Rutherford-Alberta-Representative-Candidate.png 500w\" sizes=\"auto, (max-width: 300px) 100vw, 300px\" \/><\/figure>\n\n\n\n<h3 class=\"wp-block-heading\">Carey Rutherford<\/h3>\n\n\n\n<p class=\"has-regular-font-size\">Mon arriv\u00e9e au Conseil f\u00e9d\u00e9ral en 2023 a \u00e9t\u00e9 une v\u00e9ritable plong\u00e9e dans le microcosme anim\u00e9 de la politique f\u00e9d\u00e9rale ! Je suis interculturaliste et chercheur\u00b7e ind\u00e9pendant\u00b7e bas\u00e9\u00b7e \u00e0 Calgary. Je publie un magazine d\u2019art en ligne et j\u2019ai \u00e9labor\u00e9 une pr\u00e9sentation vulgaris\u00e9e des conclusions du Groupe d\u2019experts intergouvernemental sur l\u2019\u00e9volution du climat (GIEC). Mes projets publics sont disponibles sur<a href=\"http:\/\/www.careyrutherford.ca\"> www.careyrutherford.ca<\/a>, ce qui m\u2019a donn\u00e9 de nombreuses occasions de cr\u00e9er des ponts entre des groupes diversifi\u00e9s tout en d\u00e9veloppant mes comp\u00e9tences en pr\u00e9sentation et en relations interpersonnelles.<\/p>\n\n\n\n<p class=\"has-regular-font-size\">En politique, mon objectif est d\u2019aider les Canadien\u00b7ne\u00b7s \u2014 et d\u2019autres \u2014 \u00e0 prendre des d\u00e9cisions \u00e9clair\u00e9es sur notre monde et notre avenir commun. Apr\u00e8s m\u2019\u00eatre pr\u00e9sent\u00e9\u00b7e lors des deux derni\u00e8res \u00e9lections f\u00e9d\u00e9rales sans me laisser d\u00e9courager, je suis plus d\u00e9termin\u00e9\u00b7e que jamais \u00e0 mettre mes comp\u00e9tences au service des membres du Parti vert. Depuis mon arriv\u00e9e au Conseil, j\u2019ai :<\/p>\n\n\n\n<ul class=\"wp-block-list\">\n<li class=\"has-regular-font-size\">Envoy\u00e9 des bulletins mensuels pour les AC\u00c9 pendant environ six mois dans le cadre de mon engagement \u00e0 am\u00e9liorer les communications internes du PVC.<\/li>\n\n\n\n<li class=\"has-regular-font-size\">Cr\u00e9\u00e9 deux bulletins r\u00e9gionaux pour l\u2019Alberta.<\/li>\n\n\n\n<li class=\"has-regular-font-size\">\u00c9t\u00e9 invit\u00e9\u00b7e aux r\u00e9unions du Cercle consultatif des peuples autochtones (IPAC) pour faciliter leur participation au Parti vert.<\/li>\n\n\n\n<li class=\"has-regular-font-size\">Coordonn\u00e9 le premier \u00ab Rassemblement vert \u00bb en personne de membres provinciaux et f\u00e9d\u00e9raux depuis la COVID-19.<\/li>\n\n\n\n<li class=\"has-regular-font-size\">Et bien plus encore !<\/li>\n<\/ul>\n\n\n\n<p class=\"has-regular-font-size\"><strong><strong><strong><strong>Endosseurs :<\/strong><\/strong><\/strong><\/strong> Dan Carse, Ravenmoon Crocker, G\u00e9rald Dumontier, Diann Duthie, Jaye Harry, Evelyn Tanaka, Dick Willott<\/p>\n\n\n\n<hr class=\"wp-block-separator has-alpha-channel-opacity\"\/>\n\n\n\n<h2 class=\"wp-block-heading has-text-align-center\">Candidatures \u00e0 la repr\u00e9sentation du Manitoba<\/h2>\n\n\n\n<figure class=\"wp-block-image aligncenter size-medium\" style=\"margin-top:20px;margin-right:20px;margin-bottom:20px;margin-left:20px\"><img loading=\"lazy\" decoding=\"async\" width=\"300\" height=\"300\" src=\"https:\/\/cdn.greenparty.ca\/wp-content\/uploads\/2025\/09\/Drew-Fenwick-Manitoba-Representative-Candidate-300x300.png\" alt=\"\" class=\"wp-image-20039\" srcset=\"https:\/\/cdn.greenparty.ca\/wp-content\/uploads\/2025\/09\/Drew-Fenwick-Manitoba-Representative-Candidate-300x300.png 300w, https:\/\/cdn.greenparty.ca\/wp-content\/uploads\/2025\/09\/Drew-Fenwick-Manitoba-Representative-Candidate-150x150.png 150w, https:\/\/cdn.greenparty.ca\/wp-content\/uploads\/2025\/09\/Drew-Fenwick-Manitoba-Representative-Candidate.png 500w\" sizes=\"auto, (max-width: 300px) 100vw, 300px\" \/><\/figure>\n\n\n\n<h3 class=\"wp-block-heading\">Drew Fenwick<\/h3>\n\n\n\n<p class=\"has-regular-font-size\">Drew est semi-retrait\u00e9, apr\u00e8s une longue et riche carri\u00e8re comprenant le conseil en TI, les communications et des postes politiques professionnels au niveau f\u00e9d\u00e9ral et municipal. Il est p\u00e8re de deux fils et grand-p\u00e8re de deux petits-enfants. Il est actuellement le repr\u00e9sentant du Manitoba au Conseil f\u00e9d\u00e9ral pour cette province.<\/p>\n\n\n\n<p class=\"has-regular-font-size\">Avec pr\u00e8s de 20 ans d\u2019implication au sein du PVC, il a d\u00e9j\u00e0 si\u00e9g\u00e9 \u00e0 deux reprises pour des mandats de deux ans au Conseil, travaill\u00e9 comme organisateur r\u00e9gional (salari\u00e9) par intermittence pendant plusieurs ann\u00e9es, \u00e9t\u00e9 PDG b\u00e9n\u00e9vole d\u2019une AC\u00c9, pr\u00e9sident du Comit\u00e9 national de campagne et pr\u00e9sident du Parti vert du Manitoba. Drew a \u00e9t\u00e9 impliqu\u00e9 en politique une grande partie de sa vie, ayant particip\u00e9 activement \u00e0 un autre parti politique avant de trouver sa place dans le Mouvement Vert mondial et le Parti vert du Canada.<\/p>\n\n\n\n<p class=\"has-regular-font-size\">Profond\u00e9ment engag\u00e9 \u00e0 laisser un monde meilleur \u00e0 ses petits-enfants et aux g\u00e9n\u00e9rations futures, il sollicite un nouveau mandat afin de terminer le travail de stabilisation et de relance des perspectives politiques du parti, de son financement et de sa capacit\u00e9 \u00e0 mener des campagnes \u00e9lectorales et \u00e0 gagner des si\u00e8ges.<\/p>\n\n\n\n<p class=\"has-regular-font-size\">\u00ab Nous sommes dans une p\u00e9riode de reconstruction alors que nous cherchons \u00e0 rappeler aux \u00e9lecteurs l\u2019importance de la responsabilit\u00e9 environnementale face \u00e0 l\u2019urgence climatique, la conscience sociale et la pr\u00e9sentation d\u2019options politiques inclusives pour tous les Canadiens. C\u2019est un grand d\u00e9fi qui n\u00e9cessite une r\u00e9flexion pos\u00e9e et la voix de l\u2019exp\u00e9rience, de la connaissance et d\u2019une approche \u00e9quilibr\u00e9e de la r\u00e9solution de probl\u00e8mes sur les questions dont le Conseil f\u00e9d\u00e9ral est charg\u00e9. Je vous demande de voter Oui pour soutenir la poursuite de ce travail. \u00bb \u2013 Drew Fenwick<\/p>\n\n\n\n<p class=\"has-regular-font-size\"><strong><strong>Endosseurs :<\/strong><\/strong> Dennis Bayomi, Liz Clayton, Janine Gibson, Dirk Hoeppner, Brian Timlick<\/p>\n\n\n\n<hr class=\"wp-block-separator has-alpha-channel-opacity\"\/>\n\n\n\n<h2 class=\"wp-block-heading has-text-align-center\">Candidatures \u00e0 la repr\u00e9sentation du Nouveau-Brunswick<\/h2>\n\n\n\n<figure class=\"wp-block-image aligncenter size-medium\" style=\"margin-top:20px;margin-right:20px;margin-bottom:20px;margin-left:20px\"><img loading=\"lazy\" decoding=\"async\" width=\"300\" height=\"300\" src=\"https:\/\/cdn.greenparty.ca\/wp-content\/uploads\/2025\/09\/Janice-Harvey-New-Brunswick-representative-300x300.png\" alt=\"\" class=\"wp-image-20160\" srcset=\"https:\/\/cdn.greenparty.ca\/wp-content\/uploads\/2025\/09\/Janice-Harvey-New-Brunswick-representative-300x300.png 300w, https:\/\/cdn.greenparty.ca\/wp-content\/uploads\/2025\/09\/Janice-Harvey-New-Brunswick-representative-150x150.png 150w, https:\/\/cdn.greenparty.ca\/wp-content\/uploads\/2025\/09\/Janice-Harvey-New-Brunswick-representative.png 500w\" sizes=\"auto, (max-width: 300px) 100vw, 300px\" \/><\/figure>\n\n\n\n<h3 class=\"wp-block-heading\">Janice Harvey<\/h3>\n\n\n\n<p class=\"has-regular-font-size\">Janice Harvey, Ph. D., est professeure adjointe en environnement et soci\u00e9t\u00e9 \u00e0 l\u2019Universit\u00e9 St. Thomas, \u00e0 Fredericton (Nouveau-Brunswick), o\u00f9 elle enseigne dans le programme Environnement et soci\u00e9t\u00e9 depuis 2009. Avant d\u2019entrer dans le milieu universitaire, Janice a travaill\u00e9 pendant 25 ans au Conseil de conservation du Nouveau-Brunswick, o\u00f9 elle a jou\u00e9 un r\u00f4le de premier plan en mati\u00e8re de politiques environnementales et \u00e9nerg\u00e9tiques. Elle a dirig\u00e9 le programme de conservation marine du CCNB, mis sur pied le programme <strong>Fundy Baykeeper<\/strong> et b\u00e2ti de solides relations avec des organismes communautaires tels que la <strong>Fundy North Fishermen\u2019s Association<\/strong> et <strong>Save Passamaquoddy Bay<\/strong>.<\/p>\n\n\n\n<p class=\"has-regular-font-size\">Son militantisme s\u2019\u00e9tend sur plusieurs d\u00e9cennies, enracin\u00e9 dans le mouvement environnemental des ann\u00e9es 1970 et poursuivi \u00e0 travers des r\u00f4les de leadership, notamment comme vice-pr\u00e9sidente de <strong>Friends of the Earth Canada<\/strong>, et pr\u00e9sidente des r\u00e9seaux environnementaux canadien et n\u00e9o-brunswickois. Lors de l\u2019\u00e9lection f\u00e9d\u00e9rale de 1980, elle s\u2019est pr\u00e9sent\u00e9e comme candidate dans le cadre d\u2019une campagne antinucl\u00e9aire aux c\u00f4t\u00e9s d\u2019Elizabeth May. Elle a \u00e9galement soutenu son mari, David Coon, d\u00e9put\u00e9 provincial et chef du Parti vert du Nouveau-Brunswick, tout en \u00e9levant leur famille \u00e0 Fredericton.<\/p>\n\n\n\n<p class=\"has-regular-font-size\">Janice a \u00e9t\u00e9 une voix publique reconnue au Nouveau-Brunswick, \u00e9crivant une chronique hebdomadaire d\u2019affaires publiques pour le <strong>Telegraph-Journal<\/strong>, et pendant 12 ans, la chronique d\u2019opinion <em>A Civil Society<\/em> pour <strong>Brunswick News<\/strong>. Elle a \u00e9galement \u00e9t\u00e9 commentatrice politique r\u00e9guli\u00e8re au panel du vendredi de CBC Radio et lors des soir\u00e9es \u00e9lectorales.<\/p>\n\n\n\n<p class=\"has-regular-font-size\">\u00c0 titre de critique en mati\u00e8re de p\u00eaches pour le Parti vert du Canada et de pr\u00e9sidente du Parti vert du Nouveau-Brunswick, Janice a apport\u00e9 une vaste exp\u00e9rience, une vision et un engagement profond au service du mouvement pour la durabilit\u00e9, la justice et la r\u00e9silience communautaire. Elle continue d\u2019\u0153uvrer comme voix pour des politiques environnementales fortes, fond\u00e9es sur l\u2019int\u00e9grit\u00e9, le soin et la communaut\u00e9.<\/p>\n\n\n\n<p class=\"has-regular-font-size\"><strong><strong>Endosseurs :<\/strong><\/strong> Pam Allen-LeBlanc, Addison Fach, Myron Hedderson, Gerry Irish, Claire Kelly, Genevieve MacRae, Anthea Plummer, Ryan Spencer<\/p>\n\n\n\n<hr class=\"wp-block-separator has-alpha-channel-opacity\"\/>\n\n\n\n<h2 class=\"wp-block-heading has-text-align-center\">Candidatures \u00e0 la repr\u00e9sentation de l\u2019Ontario<\/h2>\n\n\n\n<figure class=\"wp-block-image aligncenter size-medium\" style=\"margin-top:20px;margin-right:20px;margin-bottom:20px;margin-left:20px\"><img loading=\"lazy\" decoding=\"async\" width=\"300\" height=\"300\" src=\"https:\/\/cdn.greenparty.ca\/wp-content\/uploads\/2025\/09\/Sandy-Crawley-Ontario-Representative-Candidate-300x300.png\" alt=\"\" class=\"wp-image-20047\" srcset=\"https:\/\/cdn.greenparty.ca\/wp-content\/uploads\/2025\/09\/Sandy-Crawley-Ontario-Representative-Candidate-300x300.png 300w, https:\/\/cdn.greenparty.ca\/wp-content\/uploads\/2025\/09\/Sandy-Crawley-Ontario-Representative-Candidate-150x150.png 150w, https:\/\/cdn.greenparty.ca\/wp-content\/uploads\/2025\/09\/Sandy-Crawley-Ontario-Representative-Candidate.png 500w\" sizes=\"auto, (max-width: 300px) 100vw, 300px\" \/><\/figure>\n\n\n\n<h3 class=\"wp-block-heading\">Sandy Crawley<\/h3>\n\n\n\n<p class=\"has-regular-font-size\">Je me pr\u00e9sente comme candidat\u00b7e pour repr\u00e9senter l\u2019Ontario au Conseil f\u00e9d\u00e9ral afin de poursuivre le travail que j\u2019y accomplis depuis ma nomination comme repr\u00e9sentant\u00b7e int\u00e9rimaire lorsque le\u00b7la b\u00e9n\u00e9vole pr\u00e9c\u00e9dent\u00b7e a quitt\u00e9 le Conseil en 2024. Le PVC est le plus grand espoir du Canada pour notre avenir collectif et l\u2019origine des politiques les plus r\u00e9fl\u00e9chies et pertinentes, gr\u00e2ce \u00e0 vous, les membres, qui en \u00eates la source.<\/p>\n\n\n\n<p class=\"has-regular-font-size\">Vous \u00eates peut-\u00eatre au courant de la p\u00e9riode de discorde interne que nous avons connue durant la transition entre notre ancien\u00b7ne chef et notre chef actuel\u00b7le. J\u2019ai v\u00e9cu cette division de pr\u00e8s et cela m\u2019a motiv\u00e9\u00b7e \u00e0 me joindre au Conseil l\u2019an dernier. Nous avons depuis atteint un bien meilleur consensus et une meilleure coop\u00e9ration entre les divers organes qui gouvernent notre parti, et nous progressons sur un certain nombre de probl\u00e8mes qui nous freinaient en tant que jeune force politique en croissance. Je souhaite voir cette progression se poursuivre alors que nous entamons une nouvelle transition de direction. Je crois avoir contribu\u00e9 \u00e0 cette stabilit\u00e9, et c\u2019est pourquoi je sollicite votre appui.<\/p>\n\n\n\n<p class=\"has-regular-font-size\">J\u2019ai \u00e9t\u00e9 candidat\u00b7e pour le Parti vert de l\u2019Ontario dans Hamilton-Centre en 2022. En 2025, j\u2019ai \u00e9t\u00e9 candidat\u00b7e f\u00e9d\u00e9ral\u00b7e dans la m\u00eame circonscription. Je si\u00e8ge \u00e9galement au cabinet fant\u00f4me comme porte-parole pour les Arts, la Culture et le Patrimoine, un poste que j\u2019occupe depuis 2017. J\u2019ai occup\u00e9 plusieurs r\u00f4les de direction dans le secteur culturel, repr\u00e9sentant des interpr\u00e8tes, des journalistes, des auteur\u00b7rice\u00b7s et des cin\u00e9astes en tant que directeur\u00b7rice g\u00e9n\u00e9ral\u00b7e d\u2019organismes \u00e0 but non lucratif. J\u2019ai si\u00e9g\u00e9 des deux c\u00f4t\u00e9s de la table de n\u00e9gociation collective. Je crois que ces exp\u00e9riences m\u2019ont permis de d\u00e9velopper des comp\u00e9tences transf\u00e9rables que j\u2019apporte au processus de gouvernance du PVC. Je poursuis ma pratique professionnelle en tant qu\u2019acteur\u00b7rice et musicien\u00b7ne.<\/p>\n\n\n\n<p class=\"has-regular-font-size\"><strong><strong><strong>Endosseurs :<\/strong><\/strong><\/strong> Adrian Currie, Paul Gallagher, Kyle Hutton, Michelle Petersen, Valerie Powell, Rory Taylor, Marie-Jos\u00e9e Yelle<\/p>\n\n\n\n<figure class=\"wp-block-image aligncenter size-medium\" style=\"margin-top:20px;margin-right:20px;margin-bottom:20px;margin-left:20px\"><img loading=\"lazy\" decoding=\"async\" width=\"300\" height=\"300\" src=\"https:\/\/cdn.greenparty.ca\/wp-content\/uploads\/2025\/09\/Simon-Guthrie-Ontario-Representative-Candidate-2-300x300.png\" alt=\"\" class=\"wp-image-20049\" srcset=\"https:\/\/cdn.greenparty.ca\/wp-content\/uploads\/2025\/09\/Simon-Guthrie-Ontario-Representative-Candidate-2-300x300.png 300w, https:\/\/cdn.greenparty.ca\/wp-content\/uploads\/2025\/09\/Simon-Guthrie-Ontario-Representative-Candidate-2-150x150.png 150w, https:\/\/cdn.greenparty.ca\/wp-content\/uploads\/2025\/09\/Simon-Guthrie-Ontario-Representative-Candidate-2.png 500w\" sizes=\"auto, (max-width: 300px) 100vw, 300px\" \/><\/figure>\n\n\n\n<h3 class=\"wp-block-heading\">Simon Guthrie<\/h3>\n\n\n\n<p class=\"has-regular-font-size\">Simon Guthrie a grandi dans la r\u00e9gion d\u2019Ottawa et vit, \u00e9tudie et travaille dans la r\u00e9gion de Waterloo depuis 32 ans. Il d\u00e9tient des dipl\u00f4mes de deuxi\u00e8me cycle en physique ainsi qu\u2019en \u00e9tudes de la paix et des conflits, et poss\u00e8de une exp\u00e9rience professionnelle \u00e0 la fois dans le d\u00e9veloppement de technologies de pointe et dans le travail communautaire ax\u00e9 sur l\u2019impact social. Simon a occup\u00e9 des r\u00f4les de gouvernance dans des institutions universitaires, des organisations de la soci\u00e9t\u00e9 civile et des communaut\u00e9s de foi, en mettant toujours l\u2019accent sur la reddition de comptes, la collaboration et la prise de d\u00e9cision fond\u00e9e sur les donn\u00e9es probantes.<\/p>\n\n\n\n<p class=\"has-regular-font-size\">Simon croit que les organisations en sant\u00e9 prosp\u00e8rent lorsque le leadership se renouvelle. De nouvelles perspectives apportent \u00e9nergie, voix et id\u00e9es nouvelles. Pour le Parti vert, cela est particuli\u00e8rement essentiel : notre mouvement repose sur l\u2019engagement de la base et un leadership collaboratif. S\u2019il est \u00e9lu au Conseil f\u00e9d\u00e9ral, Simon d\u00e9fendra des processus qui maintiennent un leadership \u00e9quitable, r\u00e9actif, participatif et dynamique.<\/p>\n\n\n\n<p class=\"has-regular-font-size\">Simon a particip\u00e9 \u00e0 des campagnes \u00e9lectorales municipales, provinciales et f\u00e9d\u00e9rales. Il a \u00e9t\u00e9 candidat au niveau local (conseil municipal de Kitchener, 2022) et au niveau f\u00e9d\u00e9ral (candidat du PVC dans Waterloo, 2025). Il sait b\u00e2tir des \u00e9quipes solides pour am\u00e9liorer les liens entre les \u00e9lecteurs et nos \u00e9lu\u00b7e\u00b7s. Ces campagnes lui ont appris l\u2019importance de cultiver la confiance et de communiquer les valeurs vertes avec clart\u00e9 et conviction.<\/p>\n\n\n\n<p class=\"has-regular-font-size\">En tant que parti politique, notre priorit\u00e9 absolue doit \u00eatre d\u2019\u00e9lire des d\u00e9put\u00e9\u00b7e\u00b7s verts \u00e0 la Chambre des communes. Ce n\u2019est qu\u2019avec une pr\u00e9sence plus forte au Parlement que nous pourrons influencer la l\u00e9gislation, tenir le gouvernement responsable et faire avancer les politiques dont les Canadien\u00b7ne\u00b7s ont urgemment besoin.<\/p>\n\n\n\n<p class=\"has-regular-font-size\">Chaque d\u00e9cision du Conseil f\u00e9d\u00e9ral doit ultimement \u00eatre guid\u00e9e par cet objectif : cr\u00e9er les conditions du succ\u00e8s \u00e9lectoral, soutenir les candidat\u00b7e\u00b7s et les campagnes et veiller \u00e0 ce que notre message trouve \u00e9cho dans les communaut\u00e9s partout au pays.<\/p>\n\n\n\n<p class=\"has-regular-font-size\">En combinant exp\u00e9rience pratique, gouvernance r\u00e9fl\u00e9chie et profond engagement \u00e0 renforcer notre mouvement, Simon est pr\u00eat \u00e0 aider le Parti vert du Canada \u00e0 se pr\u00e9parer aux d\u00e9fis et aux opportunit\u00e9s qui l\u2019attendent.<\/p>\n\n\n\n<p class=\"has-regular-font-size\"><strong><strong><strong>Endosseurs :<\/strong><\/strong><\/strong> Nira Dookeran, Karen Farley, Eric Gilmour, Kyle Hutton, Mark MacKenzie, Amanda Rosenstock<\/p>\n\n\n\n<hr class=\"wp-block-separator has-alpha-channel-opacity\"\/>\n\n\n\n<h2 class=\"wp-block-heading has-text-align-center\">Candidatures \u00e0 la repr\u00e9sentation du Qu\u00e9bec<\/h2>\n\n\n\n<figure class=\"wp-block-image aligncenter size-medium\" style=\"margin-top:20px;margin-right:20px;margin-bottom:20px;margin-left:20px\"><img loading=\"lazy\" decoding=\"async\" width=\"300\" height=\"300\" src=\"https:\/\/cdn.greenparty.ca\/wp-content\/uploads\/2025\/09\/Youri-Cormier-Quebec-Representative-Candidate-300x300.png\" alt=\"\" class=\"wp-image-20055\" srcset=\"https:\/\/cdn.greenparty.ca\/wp-content\/uploads\/2025\/09\/Youri-Cormier-Quebec-Representative-Candidate-300x300.png 300w, https:\/\/cdn.greenparty.ca\/wp-content\/uploads\/2025\/09\/Youri-Cormier-Quebec-Representative-Candidate-150x150.png 150w, https:\/\/cdn.greenparty.ca\/wp-content\/uploads\/2025\/09\/Youri-Cormier-Quebec-Representative-Candidate.png 500w\" sizes=\"auto, (max-width: 300px) 100vw, 300px\" \/><\/figure>\n\n\n\n<h3 class=\"wp-block-heading\">Youri Cormier<\/h3>\n\n\n\n<p class=\"has-regular-font-size\">Apr\u00e8s deux d\u00e9faites difficiles, je souhaite contribuer \u00e0 reb\u00e2tir les fondations du parti et \u00e0 r\u00e9inventer notre strat\u00e9gie. Je suis professeur \u00e0 l\u2019Universit\u00e9 d\u2019Ottawa, sp\u00e9cialis\u00e9 en strat\u00e9gie et en science politique. Mon int\u00e9r\u00eat vient de ma conviction que les Verts peuvent obtenir de nombreux si\u00e8ges au Parlement, \u00e0 l\u2019image de l\u2019Allemagne, o\u00f9 la force du parti a transform\u00e9 la trajectoire \u00e9cologique du pays. Inspirons-nous de cet exemple pour reproduire ce succ\u00e8s. Inutile d\u00e9sormais de concentrer nos \u00e9nergies \u00e0 \u00ab sensibiliser \u00bb : la plupart des Canadien\u00b7ne\u00b7s sont d\u00e9j\u00e0 tr\u00e8s conscients. Ils ont besoin d\u2019espoir. Le plus grand atout de notre parti est sa communaut\u00e9 de membres, qui refuse le fatalisme et croit fermement que la lutte contre la d\u00e9gradation \u00e9cologique n\u2019est pas perdue. Elle peut \u00eatre gagn\u00e9e.<\/p>\n\n\n\n<p class=\"has-regular-font-size\">Ma famille est acadienne, originaire de Baie-Egmont \u00e0 l\u2019\u00cele-du-Prince-\u00c9douard, mais j\u2019ai grandi \u00e0 Qu\u00e9bec. J\u2019ai connu les d\u00e9fis auxquels font face les minorit\u00e9s francophones du pays et je comprends les distinctions culturelles et politiques qui influencent le vote qu\u00e9b\u00e9cois. Pour progresser, le Parti vert doit \u00e9laborer un message unificateur, bien accueilli par l\u2019ensemble des Canadien\u00b7ne\u00b7s, peu importe leur langue ou leur h\u00e9ritage culturel. L\u2019environnement, la sant\u00e9 et la pr\u00e9servation de la nature pour les g\u00e9n\u00e9rations futures sont des enjeux plus fondamentaux que tout ce qui nous divise. Toutefois, nous devons rester suffisamment conscients de ces diff\u00e9rences pour que nos positions ne viennent jamais ali\u00e9ner le vaste \u00e9lectorat qu\u00e9b\u00e9cois, qui est souvent \u00e0 l\u2019avant-garde des enjeux environnementaux.<\/p>\n\n\n\n<p class=\"has-regular-font-size\">\u00c0 titre de dirigeant de trois organismes nationaux \u00e0 but non lucratif, j\u2019ai men\u00e9 d\u2019importantes campagnes qui ont rejoint des millions de personnes sur des enjeux li\u00e9s \u00e0 l\u2019environnement, \u00e0 l\u2019engagement civique des jeunes, \u00e0 la r\u00e9silience nationale et aux anciens combattants. Au Sierra Club Youth Coalition, o\u00f9 j\u2019ai \u00e9t\u00e9 directeur ex\u00e9cutif, j\u2019ai dirig\u00e9 ce qui \u00e9tait alors la plus grande organisation environnementale jeunesse au pays, avec plus de 100 sections d\u2019un oc\u00e9an \u00e0 l\u2019autre.<\/p>\n\n\n\n<p class=\"has-regular-font-size\">Au cours des 20 derni\u00e8res ann\u00e9es, j\u2019ai supervis\u00e9 des m\u00e9canismes de transparence et des processus de recrutement, g\u00e9r\u00e9 du personnel, amass\u00e9 des millions de dollars pour des missions organisationnelles et agi comme consultant pour la Croix-Rouge canadienne et \u00c9lections Canada sur l\u2019engagement civique des jeunes, le b\u00e9n\u00e9volat et la participation \u00e9lectorale (en tant que directeur de l\u2019organisme \u00e0 but non lucratif Apathy is Boring).<\/p>\n\n\n\n<p class=\"has-regular-font-size\"><strong><strong><strong><strong>Endosseurs :<\/strong><\/strong><\/strong> <\/strong>Claude Bertrand, Bocar Diaboula, Arnold Downey, Colin Griffith, Suzanne Lacourci\u00e8re, Francois Levesque, Ian Thomas Shaw<\/p>\n\n\n\n<figure class=\"wp-block-image aligncenter size-medium\" style=\"margin-top:20px;margin-right:20px;margin-bottom:20px;margin-left:20px\"><img loading=\"lazy\" decoding=\"async\" width=\"300\" height=\"300\" src=\"https:\/\/cdn.greenparty.ca\/wp-content\/uploads\/2025\/09\/Chad-Walcott-Quebec-Representative-Candidate-300x300.png\" alt=\"\" class=\"wp-image-20035\" srcset=\"https:\/\/cdn.greenparty.ca\/wp-content\/uploads\/2025\/09\/Chad-Walcott-Quebec-Representative-Candidate-300x300.png 300w, https:\/\/cdn.greenparty.ca\/wp-content\/uploads\/2025\/09\/Chad-Walcott-Quebec-Representative-Candidate-150x150.png 150w, https:\/\/cdn.greenparty.ca\/wp-content\/uploads\/2025\/09\/Chad-Walcott-Quebec-Representative-Candidate.png 500w\" sizes=\"auto, (max-width: 300px) 100vw, 300px\" \/><\/figure>\n\n\n\n<h3 class=\"wp-block-heading\">Chad Walcott<\/h3>\n\n\n\n<p class=\"has-regular-font-size\">Chad Walcott est un professionnel de l\u2019engagement communautaire et des communications poss\u00e9dant plus de dix ans d\u2019exp\u00e9rience en politique, en d\u00e9veloppement social et en leadership organisationnel. Il travaille actuellement dans le domaine de la d\u00e9fense des politiques d\u2019emploi et de langue, o\u00f9 il dirige des strat\u00e9gies visant \u00e0 accro\u00eetre les possibilit\u00e9s offertes aux communaut\u00e9s anglophones du Qu\u00e9bec.<\/p>\n\n\n\n<p class=\"has-regular-font-size\">La carri\u00e8re de Chad l\u2019a amen\u00e9 \u00e0 conseiller des \u00e9lu\u00b7e\u00b7s \u00e0 la Ville de Montr\u00e9al et \u00e0 occuper des postes de direction au sein de plusieurs organismes \u00e0 but non lucratif. Il a contribu\u00e9 \u00e0 des initiatives ayant permis de recueillir des fonds pour la recherche sur le cancer et la maladie d\u2019Alzheimer \u00e0 l\u2019H\u00f4pital g\u00e9n\u00e9ral juif de Montr\u00e9al et a soutenu la revitalisation de l\u2019ancien quartier du textile de la ville. Dans tous ses projets, il a su mobiliser personnes et ressources pour mener \u00e0 bien des initiatives ambitieuses.<\/p>\n\n\n\n<p class=\"has-regular-font-size\">En plus de ses r\u00e9alisations professionnelles, Chad est fortement impliqu\u00e9 dans la vie civique et communautaire. Il a \u00e9t\u00e9 secr\u00e9taire du conseil d\u2019administration de l\u2019Association canadienne pour la sant\u00e9 mentale \u2013 Qu\u00e9bec, ambassadeur de la diversit\u00e9 pour le <strong>Groupe des Trente<\/strong> de Concertation Montr\u00e9al, et a occup\u00e9 des r\u00f4les de leadership au sein du Parti vert du Canada. Ces engagements t\u00e9moignent de son attachement \u00e0 l\u2019inclusion, \u00e0 l\u2019\u00e9quit\u00e9 et \u00e0 la construction de communaut\u00e9s plus fortes et plus participatives.<\/p>\n\n\n\n<p class=\"has-regular-font-size\">Les racines de Chad dans le leadership \u00e9tudiant sont \u00e9galement profondes. En tant que vice-pr\u00e9sident aux affaires externes de la Concordia Student Union, il a acquis une exp\u00e9rience pr\u00e9cieuse en mati\u00e8re de d\u00e9fense des droits, de n\u00e9gociation et de cr\u00e9ation de coalitions \u2014 des comp\u00e9tences qu\u2019il continue de mettre en pratique dans son travail professionnel et politique aujourd\u2019hui.<\/p>\n\n\n\n<p class=\"has-regular-font-size\">En tant que Montr\u00e9alais bilingue ayant travaill\u00e9 avec des communaut\u00e9s diverses, Chad apporte une perspective ancr\u00e9e dans les r\u00e9alit\u00e9s uniques du Qu\u00e9bec tout en restant connect\u00e9 aux enjeux nationaux. Son parcours en mati\u00e8re de d\u00e9fense des droits, de gouvernance et de leadership organisationnel fait de lui une voix forte et efficace pour repr\u00e9senter le Qu\u00e9bec au Conseil f\u00e9d\u00e9ral du Parti vert du Canada.<\/p>\n\n\n\n<p class=\"has-regular-font-size\"><strong><strong><strong>Endosseurs :<\/strong><\/strong><\/strong> Vincent Carbonneau, Michelle Corcos, Richard Domm, Samuel Moisan-Domm, Nathe Perrone<\/p>\n\n\n\n<hr class=\"wp-block-separator has-alpha-channel-opacity\"\/>\n\n\n\n<h2 class=\"wp-block-heading has-text-align-center\">Candidatures \u00e0 la repr\u00e9sentation des Premi\u00e8res Nations<\/h2>\n\n\n\n<figure class=\"wp-block-image aligncenter size-medium\" style=\"margin-top:20px;margin-right:20px;margin-bottom:20px;margin-left:20px\"><img loading=\"lazy\" decoding=\"async\" width=\"300\" height=\"300\" src=\"https:\/\/cdn.greenparty.ca\/wp-content\/uploads\/2025\/09\/Rainbow-Eyes-First-Nations-Representative-Candidate-300x300.png\" alt=\"\" class=\"wp-image-20045\" srcset=\"https:\/\/cdn.greenparty.ca\/wp-content\/uploads\/2025\/09\/Rainbow-Eyes-First-Nations-Representative-Candidate-300x300.png 300w, https:\/\/cdn.greenparty.ca\/wp-content\/uploads\/2025\/09\/Rainbow-Eyes-First-Nations-Representative-Candidate-150x150.png 150w, https:\/\/cdn.greenparty.ca\/wp-content\/uploads\/2025\/09\/Rainbow-Eyes-First-Nations-Representative-Candidate.png 500w\" sizes=\"auto, (max-width: 300px) 100vw, 300px\" \/><\/figure>\n\n\n\n<h3 class=\"wp-block-heading\">Rainbow Eyes<\/h3>\n\n\n\n<p class=\"has-regular-font-size\">Entendant l\u2019appel de la for\u00eat et suivant les instructions des a\u00een\u00e9s des territoires, des anc\u00eatres et de l\u2019esprit, Angela Davidson, connue sous le nom de Rainbow Eyes, d\u00e9fend les for\u00eats anciennes de l\u2019\u00eele de Vancouver, y compris les for\u00eats anciennes de \u2018Ada\u2019itsx (Fairy Creek), depuis 2020.<\/p>\n\n\n\n<p class=\"has-regular-font-size\">Dipl\u00f4m\u00e9e du programme de formation technique en intendance des Premi\u00e8res Nations de l\u2019Universit\u00e9 de l\u2019\u00eele de Vancouver, Angela a pass\u00e9 des ann\u00e9es \u00e0 sauvegarder les terres, les eaux et les valeurs culturelles pour les prochaines g\u00e9n\u00e9rations. Elle a \u00e9galement travaill\u00e9 \u00e0 la formation des prochains gardiens et \u00e0 la d\u00e9colonisation des programmes d\u2019intendance men\u00e9s par les autochtones.<\/p>\n\n\n\n<p class=\"has-regular-font-size\">Survivante d\u2019un cancer et militante passionn\u00e9e, Angela a jou\u00e9 un r\u00f4le essentiel dans le blocus de Fairy Creek, risquant l\u2019arrestation et 60 jours de prison pour prot\u00e9ger les for\u00eats anciennes de l\u2019exploitation foresti\u00e8re et de la d\u00e9forestation dans le bassin versant de Fairy Creek.<\/p>\n\n\n\n<p class=\"has-regular-font-size\">Aujourd\u2019hui, en tant que chef adjointe du Parti vert du Canada, embrassant fi\u00e8rement le titre plus respectueux de la culture de Ooh-mah Ah-nise (femme de haut rang, tante en kwak\u02bcwala), Angela apporte un leadership audacieux et sans compromis \u00e0 la lutte pour un avenir durable et juste.<\/p>\n\n\n\n<p class=\"has-regular-font-size\"><strong><strong><strong>Endosseurs :<\/strong><\/strong> <\/strong>Kathy Code, Sandy Crawly, Ravenmoon Crocker, Drew Fenwick, Naomi Hunter, Mike Nestor, Aaron Padolsky, Dianne Radmore, Glenn Reid, Remi Rheault, Carey Rutherford, Nikida Lisa Steel, Marianna Van De Lagemaat, Diane Van Oostdam, Jay Van Oostdam, Deborah Varnel, Jenica Waymen, Michael Waymen, Jessica Wegg, Silvaine Zimmerman<\/p>\n\n\n\n<hr class=\"wp-block-separator has-alpha-channel-opacity\"\/>\n\n\n\n<h2 class=\"wp-block-heading has-text-align-center\">CANDIDATURES AU CONSEIL DES JEUNES VERTS<\/h2>\n\n\n\n<hr class=\"wp-block-separator has-alpha-channel-opacity\"\/>\n\n\n\n<div style=\"height:20px\" aria-hidden=\"true\" class=\"wp-block-spacer\"><\/div>\n\n\n\n<h2 class=\"wp-block-heading has-text-align-center\">Candidatures \u00e0 la repr\u00e9sentation de la Colombie-Britannique<\/h2>\n\n\n\n<figure class=\"wp-block-image aligncenter size-medium\" style=\"margin-top:20px;margin-right:20px;margin-bottom:20px;margin-left:20px\"><img loading=\"lazy\" decoding=\"async\" width=\"300\" height=\"300\" src=\"https:\/\/cdn.greenparty.ca\/wp-content\/uploads\/2025\/09\/Luke-Angelo-Santiago-YCG-BC-representative-1-300x300.png\" alt=\"\" class=\"wp-image-20115\" srcset=\"https:\/\/cdn.greenparty.ca\/wp-content\/uploads\/2025\/09\/Luke-Angelo-Santiago-YCG-BC-representative-1-300x300.png 300w, https:\/\/cdn.greenparty.ca\/wp-content\/uploads\/2025\/09\/Luke-Angelo-Santiago-YCG-BC-representative-1-150x150.png 150w, https:\/\/cdn.greenparty.ca\/wp-content\/uploads\/2025\/09\/Luke-Angelo-Santiago-YCG-BC-representative-1.png 500w\" sizes=\"auto, (max-width: 300px) 100vw, 300px\" \/><\/figure>\n\n\n\n<h3 class=\"wp-block-heading\">Luke Angelo Santiago<\/h3>\n\n\n\n<p class=\"has-regular-font-size\">Bonjour tout le monde ! Je m\u2019appelle Luke et j\u2019habite \u00e0 Vancouver, en Colombie-Britannique ! Je suis \u00e9tudiant en syst\u00e8mes cognitifs \u00e0 l\u2019Universit\u00e9 de la Colombie-Britannique (UBC). Je suis \u00e9galement pr\u00e9sident du club vert de notre universit\u00e9 et l\u2019actuel repr\u00e9sentant nomm\u00e9 des Jeunes Verts pour la C.-B. ! Je fais du b\u00e9n\u00e9volat \u00e0 la banque alimentaire de l\u2019UBC et j\u2019aide \u00e0 organiser des \u00e9v\u00e9nements locaux du Parti vert ainsi que des manifestations pour le climat.<\/p>\n\n\n\n<p class=\"has-regular-font-size\">En tant que repr\u00e9sentant de la C.-B. au conseil des Jeunes Verts, j\u2019aiderai \u00e0 faire entendre les opinions de notre province. J\u2019ai de l\u2019exp\u00e9rience dans l\u2019organisation d\u2019\u00e9v\u00e9nements et dans la mise en relation de diff\u00e9rentes organisations vertes en tant que pr\u00e9sident du club vert de l\u2019UBC, ainsi que dans les aspects administratifs en tant que repr\u00e9sentant nomm\u00e9 de la C.-B.<\/p>\n\n\n\n<p class=\"has-regular-font-size\">L\u2019une de mes priorit\u00e9s pour le Parti vert f\u00e9d\u00e9ral est de cr\u00e9er davantage d\u2019occasions pour les Jeunes Verts de notre province et partout au Canada.<\/p>\n\n\n\n<p class=\"has-regular-font-size\">Depuis la pand\u00e9mie de COVID-19, les clubs verts sur les campus se sont \u00e9teints partout au pays. Gr\u00e2ce \u00e0 mon exp\u00e9rience, je peux aider \u00e0 en d\u00e9velopper de nouveaux. En tant que repr\u00e9sentant, j\u2019organiserai des ateliers de d\u00e9marrage de clubs, j\u2019aiderai ces clubs \u00e0 s\u2019affilier et je les mettrai en relation avec les r\u00e9seaux verts locaux. Je suis pr\u00eat \u00e0 soutenir une nouvelle g\u00e9n\u00e9ration de Verts !<\/p>\n\n\n\n<p class=\"has-regular-font-size\"><strong>Endosseurs <\/strong>: Nathan Harris, Oscar Karjaluoto<\/p>\n\n\n\n<hr class=\"wp-block-separator has-alpha-channel-opacity\"\/>\n\n\n\n<h2 class=\"wp-block-heading\">Vote<\/h2>\n\n\n\n<p class=\"has-gpc-color-primary-dark-color has-text-color has-link-color has-regular-font-size wp-elements-b0d3460562525ed6fd3ae0734f691ae0\">Tous les membres admissibles recevront par courriel un bulletin de vote \u00e9lectronique s\u00e9curis\u00e9 au moment de l\u2019ouverture du scrutin. Des rappels seront envoy\u00e9s pendant toute la p\u00e9riode de vote.<\/p>\n\n\n\n<h2 class=\"wp-block-heading\">Dates importantes<\/h2>\n\n\n\n<ul class=\"wp-block-list\">\n<li class=\"has-regular-font-size\"><strong>P\u00e9riode de campagne :<\/strong><br>Du 22 septembre \u00e0 12 h (HP) au 5 octobre 2025 \u00e0 12 h (HP)<\/li>\n\n\n\n<li class=\"has-regular-font-size\"><strong>P\u00e9riode de vote :<\/strong><br>Du 6 octobre \u00e0 12 h (HP) au 20 octobre 2025 \u00e0 12 h (HP)<\/li>\n\n\n\n<li class=\"has-regular-font-size\"><strong>Annonce des r\u00e9sultats :<\/strong><br>Vendredi 24 octobre 2025<\/li>\n<\/ul>\n\n\n\n<h2 class=\"wp-block-heading\"><strong>Des questions?<\/strong><\/h2>\n\n\n\n<p class=\"has-regular-font-size\">Contactez-nous \u00e0 <a>elections@partivert.ca<\/a><\/p>\n","protected":false},"excerpt":{"rendered":"<p>Apprenez-en davantage sur les personnes qui se pr\u00e9sentent aux \u00e9lections du Conseil f\u00e9d\u00e9ral et du Conseil des Jeunes du Parti vert du Canada en 2025. \u00c0 noter : les postes [&hellip;]<\/p>\n","protected":false},"author":41,"featured_media":19635,"parent":0,"menu_order":0,"comment_status":"closed","ping_status":"closed","template":"","meta":{"_acf_changed":false,"inline_featured_image":false,"site-sidebar-layout":"default","site-content-layout":"","ast-site-content-layout":"default","site-content-style":"default","site-sidebar-style":"default","ast-global-header-display":"","ast-banner-title-visibility":"","ast-main-header-display":"","ast-hfb-above-header-display":"","ast-hfb-below-header-display":"","ast-hfb-mobile-header-display":"","site-post-title":"","ast-breadcrumbs-content":"","ast-featured-img":"","footer-sml-layout":"","ast-disable-related-posts":"","theme-transparent-header-meta":"","adv-header-id-meta":"","stick-header-meta":"","header-above-stick-meta":"","header-main-stick-meta":"","header-below-stick-meta":"","astra-migrate-meta-layouts":"default","ast-page-background-enabled":"default","ast-page-background-meta":{"desktop":{"background-color":"var(--ast-global-color-5)","background-image":"","background-repeat":"repeat","background-position":"center center","background-size":"auto","background-attachment":"scroll","background-type":"","background-media":"","overlay-type":"","overlay-color":"","overlay-opacity":"","overlay-gradient":""},"tablet":{"background-color":"","background-image":"","background-repeat":"repeat","background-position":"center center","background-size":"auto","background-attachment":"scroll","background-type":"","background-media":"","overlay-type":"","overlay-color":"","overlay-opacity":"","overlay-gradient":""},"mobile":{"background-color":"","background-image":"","background-repeat":"repeat","background-position":"center center","background-size":"auto","background-attachment":"scroll","background-type":"","background-media":"","overlay-type":"","overlay-color":"","overlay-opacity":"","overlay-gradient":""}},"ast-content-background-meta":{"desktop":{"background-color":"var(--ast-global-color-4)","background-image":"","background-repeat":"repeat","background-position":"center center","background-size":"auto","background-attachment":"scroll","background-type":"","background-media":"","overlay-type":"","overlay-color":"","overlay-opacity":"","overlay-gradient":""},"tablet":{"background-color":"var(--ast-global-color-4)","background-image":"","background-repeat":"repeat","background-position":"center center","background-size":"auto","background-attachment":"scroll","background-type":"","background-media":"","overlay-type":"","overlay-color":"","overlay-opacity":"","overlay-gradient":""},"mobile":{"background-color":"var(--ast-global-color-4)","background-image":"","background-repeat":"repeat","background-position":"center center","background-size":"auto","background-attachment":"scroll","background-type":"","background-media":"","overlay-type":"","overlay-color":"","overlay-opacity":"","overlay-gradient":""}},"_price":"","_stock":"","_tribe_ticket_header":"","_tribe_default_ticket_provider":"","_tribe_ticket_capacity":"0","_ticket_start_date":"","_ticket_end_date":"","_tribe_ticket_show_description":"","_tribe_ticket_show_not_going":false,"_tribe_ticket_use_global_stock":"","_tribe_ticket_global_stock_level":"","_global_stock_mode":"","_global_stock_cap":"","_tribe_rsvp_for_event":"","_tribe_ticket_going_count":"","_tribe_ticket_not_going_count":"","_tribe_tickets_list":"[]","_tribe_ticket_has_attendee_info_fields":false,"footnotes":"","_tec_slr_enabled":"","_tec_slr_layout":""},"class_list":["post-20108","page","type-page","status-publish","has-post-thumbnail","hentry"],"acf":[],"ticketed":false,"_links":{"self":[{"href":"https:\/\/www.greenparty.ca\/fr\/wp-json\/wp\/v2\/pages\/20108","targetHints":{"allow":["GET"]}}],"collection":[{"href":"https:\/\/www.greenparty.ca\/fr\/wp-json\/wp\/v2\/pages"}],"about":[{"href":"https:\/\/www.greenparty.ca\/fr\/wp-json\/wp\/v2\/types\/page"}],"author":[{"embeddable":true,"href":"https:\/\/www.greenparty.ca\/fr\/wp-json\/wp\/v2\/users\/41"}],"replies":[{"embeddable":true,"href":"https:\/\/www.greenparty.ca\/fr\/wp-json\/wp\/v2\/comments?post=20108"}],"version-history":[{"count":26,"href":"https:\/\/www.greenparty.ca\/fr\/wp-json\/wp\/v2\/pages\/20108\/revisions"}],"predecessor-version":[{"id":20658,"href":"https:\/\/www.greenparty.ca\/fr\/wp-json\/wp\/v2\/pages\/20108\/revisions\/20658"}],"wp:featuredmedia":[{"embeddable":true,"href":"https:\/\/www.greenparty.ca\/fr\/wp-json\/wp\/v2\/media\/19635"}],"wp:attachment":[{"href":"https:\/\/www.greenparty.ca\/fr\/wp-json\/wp\/v2\/media?parent=20108"}],"curies":[{"name":"wp","href":"https:\/\/api.w.org\/{rel}","templated":true}]}}