{"id":19622,"date":"2025-08-28T15:47:51","date_gmt":"2025-08-28T19:47:51","guid":{"rendered":"https:\/\/www.greenparty.ca\/elections-des-conseils-2025"},"modified":"2025-09-24T15:29:48","modified_gmt":"2025-09-24T19:29:48","slug":"elections-des-conseils-2025","status":"publish","type":"page","link":"https:\/\/www.greenparty.ca\/fr\/elections-des-conseils-2025","title":{"rendered":"\u00c9lections des conseils 2025"},"content":{"rendered":"\n<p class=\"has-regular-font-size\">Le Parti vert du Canada organise des \u00e9lections pour <strong>le Conseil f\u00e9d\u00e9ral<\/strong> et pour <strong>le Conseil des Jeunes Verts du Canada (CJVC)<\/strong>. Ces conseils sont les instances \u00e9lues du Parti. Ils repr\u00e9sentent les membres et assurent la reddition de comptes.  <\/p>\n\n\n\n<p class=\"has-regular-font-size\">Les \u00e9lections sont votre occasion de vous pr\u00e9senter comme candidat\u00b7e \u2014 ou d\u2019influencer l\u2019avenir du Parti en exer\u00e7ant votre droit de vote.<\/p>\n\n\n\n<h2 class=\"wp-block-heading\">Dates importantes<\/h2>\n\n\n\n<ul class=\"wp-block-list\">\n<li class=\"has-regular-font-size\"><strong>Ouverture des mises en candidature :<\/strong><br> Vendredi 29 ao\u00fbt 2025, 12 h (HP)<\/li>\n\n\n\n<li class=\"has-regular-font-size\"><strong>Cl\u00f4ture des mises en candidature :<\/strong><br> Vendredi 12 septembre 2025, 12 h (HP)<\/li>\n\n\n\n<li class=\"has-regular-font-size\"><strong>P\u00e9riode de campagne :<\/strong><br>Du 22 septembre \u00e0 12 h (HP) au 5 octobre 2025 \u00e0 12 h (HP)<\/li>\n\n\n\n<li class=\"has-regular-font-size\"><strong>P\u00e9riode de vote :<\/strong><br>Du 6 octobre \u00e0 12 h (HP) au 20 octobre 2025 \u00e0 12 h (HP)<\/li>\n\n\n\n<li class=\"has-regular-font-size\"><strong>Annonce des r\u00e9sultats :<\/strong><br>Vendredi 24 octobre 2025<\/li>\n<\/ul>\n\n\n\n<hr class=\"wp-block-separator has-alpha-channel-opacity\"\/>\n\n\n\n<h2 class=\"wp-block-heading\">\u00c9lections au Conseil f\u00e9d\u00e9ral<\/h2>\n\n\n\n<p class=\"has-regular-font-size\">Le Conseil f\u00e9d\u00e9ral est le conseil d\u2019administration \u00e9lu du Parti vert du Canada.<\/p>\n\n\n\n<h3 class=\"wp-block-heading\">Postes \u00e0 pourvoir<\/h3>\n\n\n\n<ul class=\"wp-block-list\">\n<li class=\"has-regular-font-size\"><strong>\u00c9lections r\u00e9guli\u00e8res (mandat de deux ans) :<\/strong>\n<ul class=\"wp-block-list\">\n<li class=\"has-regular-font-size\">Pr\u00e9sident\u00b7e<\/li>\n\n\n\n<li class=\"has-regular-font-size\">Vice-pr\u00e9sident\u00b7e francophone<\/li>\n\n\n\n<li class=\"has-regular-font-size\">Repr\u00e9sentant\u00b7e de l\u2019Alberta<\/li>\n\n\n\n<li class=\"has-regular-font-size\">Repr\u00e9sentant\u00b7e du Manitoba<\/li>\n\n\n\n<li class=\"has-regular-font-size\">Repr\u00e9sentant\u00b7e du Qu\u00e9bec<\/li>\n\n\n\n<li class=\"has-regular-font-size\">Repr\u00e9sentant\u00b7e du Nouveau-Brunswick<\/li>\n\n\n\n<li class=\"has-regular-font-size\">Repr\u00e9sentant\u00b7e de Terre-Neuve-et-Labrador<\/li>\n\n\n\n<li class=\"has-regular-font-size\">Repr\u00e9sentant\u00b7e des Territoires<\/li>\n\n\n\n<li class=\"has-regular-font-size\">Repr\u00e9sentant\u00b7e des Premi\u00e8res Nations<\/li>\n<\/ul>\n<\/li>\n\n\n\n<li class=\"has-regular-font-size\"><strong>\u00c9lections partielles (mandat d\u2019un an) :<\/strong>\n<ul class=\"wp-block-list\">\n<li class=\"has-regular-font-size\">Vice-pr\u00e9sident\u00b7e anglophone<\/li>\n\n\n\n<li class=\"has-regular-font-size\">Repr\u00e9sentant\u00b7e de l\u2019Ontario<\/li>\n\n\n\n<li class=\"has-regular-font-size\">Repr\u00e9sentant\u00b7e m\u00e9tis\u00b7se<\/li>\n\n\n\n<li class=\"has-regular-font-size\">Repr\u00e9sentant\u00b7e inuit<\/li>\n<\/ul>\n<\/li>\n<\/ul>\n\n\n\n<h3 class=\"wp-block-heading\">Qui peut se pr\u00e9senter?<\/h3>\n\n\n\n<ul class=\"wp-block-list\">\n<li class=\"has-gpc-color-primary-dark-color has-text-color has-link-color has-regular-font-size wp-elements-9bf8820d40ba2e11686afb039c236d32\">Vous devez \u00eatre membre en r\u00e8gle du Parti vert depuis au moins 30 jours avant l\u2019ouverture des mises en candidature.<\/li>\n\n\n\n<li class=\"has-gpc-color-primary-dark-color has-text-color has-link-color has-regular-font-size wp-elements-d84e53e064acf53d678e3c96f1e0dd6f\">D\u2019autres d\u00e9tails d\u2019admissibilit\u00e9 figurent dans <a href=\"https:\/\/cdn.greenparty.ca\/wp-content\/uploads\/2025\/08\/2025-FC-Election-Rules.pdf\" data-type=\"link\" data-id=\"https:\/\/cdn.greenparty.ca\/wp-content\/uploads\/2025\/08\/2025-FC-Election-Rules.pdf\" target=\"_blank\" rel=\"noreferrer noopener\"><strong>les R\u00e8gles officielles des \u00e9lections au Conseil f\u00e9d\u00e9ral<\/strong><\/a>.<\/li>\n<\/ul>\n\n\n\n<h3 class=\"wp-block-heading\">Comment poser sa candidature?<\/h3>\n\n\n\n<ol class=\"wp-block-list\">\n<li class=\"has-regular-font-size\"><strong>Remplir le <a href=\"https:\/\/docs.google.com\/forms\/d\/e\/1FAIpQLSdE8DRSCJfhFAbUTTl6VsB-qtJnCIWZL3sIBk4ymqGrCFFr5g\/viewform\" data-type=\"link\" data-id=\"https:\/\/docs.google.com\/forms\/d\/e\/1FAIpQLSdE8DRSCJfhFAbUTTl6VsB-qtJnCIWZL3sIBk4ymqGrCFFr5g\/viewform\" target=\"_blank\" rel=\"noreferrer noopener\">formulaire de mise en candidature au Conseil f\u00e9d\u00e9ral<\/a>.<\/strong><\/li>\n\n\n\n<li class=\"has-regular-font-size\">Recueillir le nombre requis de signataires.<\/li>\n\n\n\n<li class=\"has-regular-font-size\">Soumettre votre dossier de candidature (formulaire, profil et photo) avant la date limite.<\/li>\n<\/ol>\n\n\n\n<hr class=\"wp-block-separator has-alpha-channel-opacity\"\/>\n\n\n\n<h2 class=\"wp-block-heading\">\u00c9lections au Conseil des Jeunes Verts du Canada<\/h2>\n\n\n\n<p class=\"has-gpc-color-primary-dark-color has-text-color has-link-color has-regular-font-size wp-elements-9a7f2729214d2fd2a9c84cdaec44a783\">Le Conseil des Jeunes Verts du Canada (CJVC) repr\u00e9sente les membres \u00e2g\u00e9s de 14 \u00e0 29 ans.<\/p>\n\n\n\n<h3 class=\"wp-block-heading\">Postes \u00e0 pourvoir<\/h3>\n\n\n\n<ul class=\"wp-block-list\">\n<li class=\"has-regular-font-size\"><strong>\u00c9lections r\u00e9guli\u00e8res (mandat de deux ans) :<\/strong> \n<ul class=\"wp-block-list\">\n<li class=\"has-regular-font-size\">Copr\u00e9sident\u00b7e<\/li>\n\n\n\n<li class=\"has-regular-font-size\">Coordonnateur\u00b7rice aux finances<\/li>\n\n\n\n<li class=\"has-regular-font-size\">Repr\u00e9sentant\u00b7e de la Colombie-Britannique<\/li>\n\n\n\n<li class=\"has-regular-font-size\">Repr\u00e9sentant\u00b7e du Qu\u00e9bec<\/li>\n\n\n\n<li class=\"has-regular-font-size\">Repr\u00e9sentant\u00b7e de l\u2019Atlantique<\/li>\n<\/ul>\n<\/li>\n\n\n\n<li class=\"has-regular-font-size\"><strong>\u00c9lections partielles (mandat d\u2019un an) :<\/strong> \n<ul class=\"wp-block-list\">\n<li class=\"has-regular-font-size\">Coordonnateur\u00b7rice \u00e0 l\u2019engagement<\/li>\n\n\n\n<li class=\"has-regular-font-size\">Coordonnateur\u00b7rice \u00e0 la d\u00e9fense des droits<\/li>\n\n\n\n<li class=\"has-regular-font-size\">Repr\u00e9sentant\u00b7e des Prairies<\/li>\n\n\n\n<li class=\"has-regular-font-size\">Repr\u00e9sentant\u00b7e du Nord<\/li>\n<\/ul>\n<\/li>\n<\/ul>\n\n\n\n<h3 class=\"wp-block-heading\">Qui peut se pr\u00e9senter?<\/h3>\n\n\n\n<ul class=\"wp-block-list\">\n<li class=\"has-regular-font-size\">\u00catre membre des Jeunes Verts en r\u00e8gle.<\/li>\n\n\n\n<li class=\"has-regular-font-size\">Avoir entre 14 et 29 ans (inclusivement) \u00e0 la cl\u00f4ture du scrutin.<\/li>\n\n\n\n<li class=\"has-regular-font-size\">D\u2019autres d\u00e9tails d\u2019admissibilit\u00e9 figurent dans <strong><a href=\"https:\/\/cdn.greenparty.ca\/wp-content\/uploads\/2025\/08\/2025-YGCC-Election-Rules.pdf\" data-type=\"link\" data-id=\"https:\/\/cdn.greenparty.ca\/wp-content\/uploads\/2025\/08\/2025-YGCC-Election-Rules.pdf\" target=\"_blank\" rel=\"noreferrer noopener\">les R\u00e8gles officielles des \u00e9lections du Conseil des Jeunes Verts du Canada.<\/a><\/strong><\/li>\n<\/ul>\n\n\n\n<h3 class=\"wp-block-heading\">Comment poser sa candidature?<\/h3>\n\n\n\n<ol class=\"wp-block-list\">\n<li class=\"has-regular-font-size\"><strong>Remplir le <strong><a href=\"https:\/\/docs.google.com\/forms\/d\/e\/1FAIpQLScswI4xQm8gZopn3nl-aEFd0hawTBgj1jqkKdEpTHLU6gNrVw\/viewform\" target=\"_blank\" rel=\"noreferrer noopener\">formulaire de mise en candidature et d\u2019inscription au CJVC<\/a><\/strong>.<\/strong><\/li>\n\n\n\n<li class=\"has-regular-font-size\">Soumettre votre profil, photo et signataires requis avant la date limite.<\/li>\n<\/ol>\n\n\n\n<hr class=\"wp-block-separator has-alpha-channel-opacity\"\/>\n\n\n\n<h2 class=\"wp-block-heading\">Pendant la campagne<\/h2>\n\n\n\n<ul class=\"wp-block-list\">\n<li class=\"has-regular-font-size\">Les profils et d\u00e9clarations d\u2019exp\u00e9rience des candidat\u00b7es seront publi\u00e9s sur le site web du Parti vert du Canada.<\/li>\n\n\n\n<li class=\"has-regular-font-size\">Chaque candidat\u00b7e pourra partager un message suppl\u00e9mentaire aux membres par courriel.<\/li>\n\n\n\n<li class=\"has-regular-font-size\">Les membres auront aussi l\u2019occasion de poser des questions lors d\u2019une assembl\u00e9e virtuelle.<\/li>\n<\/ul>\n\n\n\n<h2 class=\"wp-block-heading\">Vote<\/h2>\n\n\n\n<p class=\"has-gpc-color-primary-dark-color has-text-color has-link-color has-regular-font-size wp-elements-7634b5a6fe72450e797ccddc5fe95f19\">Tous les membres admissibles recevront par courriel un bulletin de vote \u00e9lectronique s\u00e9curis\u00e9 \u00e0 l\u2019ouverture du scrutin. Des rappels seront envoy\u00e9s pendant la p\u00e9riode de vote. <\/p>\n\n\n\n<h2 class=\"wp-block-heading\">Questions?<\/h2>\n\n\n\n<p class=\"has-regular-font-size\">Contactez-nous \u00e0 <a href=\"mailto:elections@greenparty.ca\">elections@partivert.ca<\/a>.<\/p>\n","protected":false},"excerpt":{"rendered":"<p>Le Parti vert du Canada organise des \u00e9lections pour le Conseil f\u00e9d\u00e9ral et pour le Conseil des Jeunes Verts du Canada (CJVC). Ces conseils sont les instances \u00e9lues du Parti. [&hellip;]<\/p>\n","protected":false},"author":41,"featured_media":19635,"parent":0,"menu_order":0,"comment_status":"closed","ping_status":"closed","template":"","meta":{"_acf_changed":false,"inline_featured_image":false,"site-sidebar-layout":"default","site-content-layout":"","ast-site-content-layout":"default","site-content-style":"default","site-sidebar-style":"default","ast-global-header-display":"","ast-banner-title-visibility":"","ast-main-header-display":"","ast-hfb-above-header-display":"","ast-hfb-below-header-display":"","ast-hfb-mobile-header-display":"","site-post-title":"","ast-breadcrumbs-content":"","ast-featured-img":"","footer-sml-layout":"","ast-disable-related-posts":"","theme-transparent-header-meta":"","adv-header-id-meta":"","stick-header-meta":"","header-above-stick-meta":"","header-main-stick-meta":"","header-below-stick-meta":"","astra-migrate-meta-layouts":"default","ast-page-background-enabled":"default","ast-page-background-meta":{"desktop":{"background-color":"var(--ast-global-color-5)","background-image":"","background-repeat":"repeat","background-position":"center center","background-size":"auto","background-attachment":"scroll","background-type":"","background-media":"","overlay-type":"","overlay-color":"","overlay-opacity":"","overlay-gradient":""},"tablet":{"background-color":"","background-image":"","background-repeat":"repeat","background-position":"center center","background-size":"auto","background-attachment":"scroll","background-type":"","background-media":"","overlay-type":"","overlay-color":"","overlay-opacity":"","overlay-gradient":""},"mobile":{"background-color":"","background-image":"","background-repeat":"repeat","background-position":"center center","background-size":"auto","background-attachment":"scroll","background-type":"","background-media":"","overlay-type":"","overlay-color":"","overlay-opacity":"","overlay-gradient":""}},"ast-content-background-meta":{"desktop":{"background-color":"var(--ast-global-color-4)","background-image":"","background-repeat":"repeat","background-position":"center center","background-size":"auto","background-attachment":"scroll","background-type":"","background-media":"","overlay-type":"","overlay-color":"","overlay-opacity":"","overlay-gradient":""},"tablet":{"background-color":"var(--ast-global-color-4)","background-image":"","background-repeat":"repeat","background-position":"center center","background-size":"auto","background-attachment":"scroll","background-type":"","background-media":"","overlay-type":"","overlay-color":"","overlay-opacity":"","overlay-gradient":""},"mobile":{"background-color":"var(--ast-global-color-4)","background-image":"","background-repeat":"repeat","background-position":"center center","background-size":"auto","background-attachment":"scroll","background-type":"","background-media":"","overlay-type":"","overlay-color":"","overlay-opacity":"","overlay-gradient":""}},"_price":"","_stock":"","_tribe_ticket_header":"","_tribe_default_ticket_provider":"","_tribe_ticket_capacity":"0","_ticket_start_date":"","_ticket_end_date":"","_tribe_ticket_show_description":"","_tribe_ticket_show_not_going":false,"_tribe_ticket_use_global_stock":"","_tribe_ticket_global_stock_level":"","_global_stock_mode":"","_global_stock_cap":"","_tribe_rsvp_for_event":"","_tribe_ticket_going_count":"","_tribe_ticket_not_going_count":"","_tribe_tickets_list":"[]","_tribe_ticket_has_attendee_info_fields":false,"footnotes":"","_tec_slr_enabled":"","_tec_slr_layout":""},"class_list":["post-19622","page","type-page","status-publish","has-post-thumbnail","hentry"],"acf":[],"ticketed":false,"_links":{"self":[{"href":"https:\/\/www.greenparty.ca\/fr\/wp-json\/wp\/v2\/pages\/19622","targetHints":{"allow":["GET"]}}],"collection":[{"href":"https:\/\/www.greenparty.ca\/fr\/wp-json\/wp\/v2\/pages"}],"about":[{"href":"https:\/\/www.greenparty.ca\/fr\/wp-json\/wp\/v2\/types\/page"}],"author":[{"embeddable":true,"href":"https:\/\/www.greenparty.ca\/fr\/wp-json\/wp\/v2\/users\/41"}],"replies":[{"embeddable":true,"href":"https:\/\/www.greenparty.ca\/fr\/wp-json\/wp\/v2\/comments?post=19622"}],"version-history":[{"count":5,"href":"https:\/\/www.greenparty.ca\/fr\/wp-json\/wp\/v2\/pages\/19622\/revisions"}],"predecessor-version":[{"id":20256,"href":"https:\/\/www.greenparty.ca\/fr\/wp-json\/wp\/v2\/pages\/19622\/revisions\/20256"}],"wp:featuredmedia":[{"embeddable":true,"href":"https:\/\/www.greenparty.ca\/fr\/wp-json\/wp\/v2\/media\/19635"}],"wp:attachment":[{"href":"https:\/\/www.greenparty.ca\/fr\/wp-json\/wp\/v2\/media?parent=19622"}],"curies":[{"name":"wp","href":"https:\/\/api.w.org\/{rel}","templated":true}]}}